{"id":3883,"date":"2019-01-31T14:44:35","date_gmt":"2019-01-31T19:44:35","guid":{"rendered":"https:\/\/2018.lgt.libresuite.net\/?page_id=3883"},"modified":"2019-01-31T16:13:05","modified_gmt":"2019-01-31T21:13:05","slug":"panelistes","status":"publish","type":"page","link":"https:\/\/2018.lagrandetransition.net\/fr\/panelistes\/","title":{"rendered":"Panelistes"},"content":{"rendered":"<p><a href=\"https:\/\/uqo.ca\/erts\/fiche\/audrey-laurin-lamothe\" target=\"_blank\" rel=\"noopener\"><strong>Audrey Laurin-Lamothe<\/strong><\/a><\/p>\n<p>Chercheuse postdoctoral au D\u00e9partement des sciences sociales de l&rsquo;Universit\u00e9 du Qu\u00e9bec en Outaouais, elle cherche \u00e0 \u00e9valuer\u00a0l\u2019impact de la crise financi\u00e8re de 2008 sur les in\u00e9galit\u00e9s socio-\u00e9conomiques dans une perspective comparative du Qu\u00e9bec, du Canada et des pays de l\u2019OCDE.<\/p>\n<p><a href=\"https:\/\/uqo.ca\/erts\/fiche\/mathieu-dufour\" target=\"_blank\" rel=\"noopener\"><strong>Mathieu Dufour<\/strong><\/a><\/p>\n<p>Professeur agr\u00e9g\u00e9 au D\u00e9partement des sciences sociales\u00a0de l&rsquo;Universit\u00e9 du Qu\u00e9bec en Outaouais. Ses\u00a0sujets d\u2019\u00e9tudes vont des politiques publiques qu\u00e9b\u00e9coises et canadiennes, comme le salaire minimum, aux crises financi\u00e8res internationales, en passant par les questions de productivit\u00e9 et de r\u00e9mun\u00e9ration des travailleurs.<\/p>\n<p><strong>Natasha Josette\u00a0<\/strong><\/p>\n<p>Co-fondatrice de <em>Momentum Kids<\/em>, un groupe d&rsquo;activit\u00e9 pour enfants visant \u00e0 les engager dans la politique.<\/p>\n<p><a href=\"http:\/\/csamary.free.fr\/csamary\/Accueil.html\" target=\"_blank\" rel=\"noopener\"><strong>Catherine Samary<\/strong><\/a><\/p>\n<p>Ma\u00eetre de conf\u00e9rence en \u00e9conomie \u00e0 l&rsquo;universit\u00e9 Paris-Dauphine, Catherine Samary est\u00a0sp\u00e9cialiste des Balkans, en particulier de l&rsquo;espace yougoslave.<\/p>\n<p><strong>Anne-C\u00e9line Guyon<\/strong><\/p>\n<p>Coordinatrice du <em>Front Commun pour la transition \u00e9nerg\u00e9tique<\/em> et cr\u00e9atrice de la\u00a0<em>Fondation Coule pas chez nous.<\/em><\/p>\n<p><strong>Becky Bond<\/strong><\/p>\n<p>Becky Bond fut conseill\u00e8re principale de la campagne pr\u00e9sidentielle de Bernie Sanders. C&rsquo;est \u00e9galement la co-fondatrice de <em>CREDO SuperPAC<\/em>, une initiative visant \u00e0 emp\u00eacher le Tea Party d&rsquo;acc\u00e9der au S\u00e9nat.<\/p>\n<p><a href=\"http:\/\/wwa-politique.uqam.ca\/corps-professoral\/professeurs\/1141-lafrance-xavier.html\" target=\"_blank\" rel=\"noopener\"><strong>Xavier Lafrance<\/strong><\/a><\/p>\n<p>Professeur au d\u00e9partement de science politique de l&rsquo;UQAM, ses secteurs de recherche sont le n\u00e9olib\u00e9ralisme et acteurs politiques, la sociologie historique comparative du capitalisme, la politique compar\u00e9e et th\u00e9ories de l&rsquo;\u00c9tat, l&rsquo;analyse et th\u00e9ories des classes sociales, et le mouvement syndical.<\/p>\n<p><a href=\"https:\/\/ustpaul.ca\/index.php?mod=employee&amp;id=1195&amp;lang=fr\" target=\"_blank\" rel=\"noopener\"><strong>Simon Tremblay-Pepin<\/strong><\/a><\/p>\n<p>Professeur adjoint en\u00a0innovation sociale. Ses recherches portent sur: la d\u00e9mocratisation de l&rsquo;\u00e9conomie, les finances publiques et la critique des m\u00e9dias.<\/p>\n<p><a href=\"https:\/\/www.evetorres.org\" target=\"_blank\" rel=\"noopener\"><strong>Eve Torres<\/strong><\/a><\/p>\n<p>Militante f\u00e9ministe et antiraciste et candidate Quebec Solidaire \u00e0 l&rsquo;investiture dans Mont-Royal-Outremont.<\/p>\n<p><a href=\"https:\/\/fr.wikipedia.org\/wiki\/Christophe_Aguiton\" target=\"_blank\" rel=\"noopener\"><strong>Christophe Aguiton<\/strong><\/a><\/p>\n<p>Sociologue et militant engag\u00e9, il est cofondateur du syndicat <em>SUD-PPT<\/em>, et des associations <em>agir ensemble contre le ch\u00f4mage<\/em> et <em>ATTAC<\/em>.<\/p>\n<p><a href=\"http:\/\/rosalux.academia.edu\/MarioCandeias\" target=\"_blank\" rel=\"noopener\"><strong>Mario Candeias<\/strong><\/a><\/p>\n<p>Il est le directeur de l&rsquo;Institut pour l&rsquo;analyse de la critique sociale \u00e0 la Rosa Luxembourg Foundation \u00e0 Berlin. Il est \u00e9galement le co-fondateur du journal \u00ab\u00a0LuXemburg\u00a0\u00bb orient\u00e9 sur l&rsquo;analyse et la strat\u00e9gie politique.<\/p>\n","protected":false},"excerpt":{"rendered":"<p>Audrey Laurin-Lamothe Chercheuse postdoctoral au D\u00e9partement des sciences sociales de l&rsquo;Universit\u00e9 du Qu\u00e9bec en Outaouais, elle cherche \u00e0 \u00e9valuer\u00a0l\u2019impact de la crise financi\u00e8re de 2008 sur les in\u00e9galit\u00e9s socio-\u00e9conomiques dans une perspective comparative du Qu\u00e9bec, du Canada et des pays de l\u2019OCDE. Mathieu Dufour Professeur agr\u00e9g\u00e9 au D\u00e9partement des sciences sociales\u00a0de l&rsquo;Universit\u00e9 du Qu\u00e9bec en &hellip; <\/p>\n<p class=\"link-more\"><a href=\"https:\/\/2018.lagrandetransition.net\/fr\/panelistes\/\" class=\"more-link\">more<span class=\"screen-reader-text\"> \u00ab\u00a0Panelistes\u00a0\u00bb<\/span><\/a><\/p>\n","protected":false},"author":1,"featured_media":0,"parent":0,"menu_order":0,"comment_status":"closed","ping_status":"closed","template":"","meta":{"footnotes":""},"class_list":["post-3883","page","type-page","status-publish","format-standard","hentry"],"translation":{"provider":"WPGlobus","version":"3.0.5","language":"fr","enabled_languages":["en","fr"],"languages":{"en":{"title":true,"content":true,"excerpt":false},"fr":{"title":false,"content":false,"excerpt":false}}},"_links":{"self":[{"href":"https:\/\/2018.lagrandetransition.net\/fr\/wp-json\/wp\/v2\/pages\/3883","targetHints":{"allow":["GET"]}}],"collection":[{"href":"https:\/\/2018.lagrandetransition.net\/fr\/wp-json\/wp\/v2\/pages"}],"about":[{"href":"https:\/\/2018.lagrandetransition.net\/fr\/wp-json\/wp\/v2\/types\/page"}],"author":[{"embeddable":true,"href":"https:\/\/2018.lagrandetransition.net\/fr\/wp-json\/wp\/v2\/users\/1"}],"replies":[{"embeddable":true,"href":"https:\/\/2018.lagrandetransition.net\/fr\/wp-json\/wp\/v2\/comments?post=3883"}],"version-history":[{"count":1,"href":"https:\/\/2018.lagrandetransition.net\/fr\/wp-json\/wp\/v2\/pages\/3883\/revisions"}],"predecessor-version":[{"id":3892,"href":"https:\/\/2018.lagrandetransition.net\/fr\/wp-json\/wp\/v2\/pages\/3883\/revisions\/3892"}],"wp:attachment":[{"href":"https:\/\/2018.lagrandetransition.net\/fr\/wp-json\/wp\/v2\/media?parent=3883"}],"curies":[{"name":"wp","href":"https:\/\/api.w.org\/{rel}","templated":true}]}}