{"id":1903,"date":"2018-03-01T11:04:39","date_gmt":"2018-03-01T16:04:39","guid":{"rendered":"https:\/\/thegreattransition.net\/?page_id=1903"},"modified":"2018-05-18T00:06:00","modified_gmt":"2018-05-18T05:06:00","slug":"accueil","status":"publish","type":"page","link":"https:\/\/2018.lagrandetransition.net\/fr\/accueil\/","title":{"rendered":"Conf\u00e9rence 17-20 Mai | Programme | Pan\u00e9listes | Inscription"},"content":{"rendered":"<div class=\"mainmaxsize\">\n<div class=\"topback\" style=\"background-image: url(https:\/\/thegreattransition.net\/wp-content\/uploads\/2018\/02\/headerfrback3.png);\"><img decoding=\"async\" src=\"https:\/\/thegreattransition.net\/wp-content\/uploads\/2018\/02\/headerfrfront3.png\" alt=\"\" width=\"100%\" class=\"alignnone size-full wp-image-635\"><\/div>\n<div class=\"row\">\n<div class=\"col-sm-12\">\n<h4 style=\"text-align: center;\">17-20 Mai 2018 \u00e0 Montr\u00e9al | 120 ateliers | 300 panelistes de 12 pays<\/h4>\n<\/p><\/div>\n<\/p><\/div>\n<nav class=\"navbar navbar-default navbar-fixed-top\">\n<ul class=\"nav navbar-nav transpar\">\n<li>\n                    <a href=\"#section4\" style=\"background-color: #000; color: #fff;\">S&rsquo;inscrire<\/a>\n                <\/li>\n<li>\n                    <a href=\"\/fr\/programme-serie\">S\u00e9ries<\/a>\n                <\/li>\n<li>\n                    <a href=\"\/fr\/programme-theme\">Th\u00e9matiques<\/a>\n                <\/li>\n<li>\n                    <a href=\"\/fr\/programme\">Programme<\/a>\n                <\/li>\n<li>\n                    <a href=\"#section3\">D\u00e9roulement<\/a>\n                <\/li>\n<li>\n                    <a href=\"https:\/\/thegreattransition.net\/home\/\">EN<\/a>\n                <\/li>\n<li>\n                    <a href=\"#section5\"><img decoding=\"async\" src=\"https:\/\/thegreattransition.net\/wp-content\/uploads\/2018\/02\/email.gif\" width=\"15px\"><\/a>\n                <\/li>\n<li>\n                    <a href=\"https:\/\/www.facebook.com\/Collectif-La-grande-transition-2105817016315341\/\"><img decoding=\"async\" src=\"https:\/\/thegreattransition.net\/wp-content\/uploads\/2018\/02\/facebook.gif\" width=\"15px\"><\/a>\n                <\/li>\n<\/ul>\n<\/nav>\n<div class=\"row\">\n<div class=\"col-xs-1\"><\/div>\n<div class=\"col-xs-7\">\n<h4>Accueil au 200 Sherbrooke Ouest &#8211; Inscription sur place possible<\/h3>\n<\/p><\/div>\n<div class=\"col-xs-4\"><\/div>\n<\/p><\/div>\n<div class=\"row scrolldivider\" id=\"section1\">\n<div class=\"col-xs-1\"><\/div>\n<div class=\"col-xs-7\">\n<h3 class=\"textwhite\">Conf\u00e9rences principales<\/h3>\n<\/p><\/div>\n<div class=\"col-xs-4\"><\/div>\n<\/p><\/div>\n<div class=\"row\">\n<div class=\"col-sm-4 col-xs-12 col-sm-push-8 confdescriptor\">\n<h5 class=\"textwhite\">Comment l&rsquo;\u00e9conomie domine nos vies?<\/h5>\n<p class=\"textwhite\"><b>Jeudi 17 mai 19:00<\/b><\/p>\n<p>Du berceau \u00e0 la tombe, notre existence est soumise \u00e0 de nombreuses contraintes \u00e9conomiques. On ne cesse de nous demander d&rsquo;agir chaque jour comme une petite entreprise. Qu&rsquo;est-ce qui explique que l&rsquo;\u00e9conomie ait pris une telle place ? Quelles sont les forces qui dominent le cours de notre survie ?<\/p>\n<\/p><\/div>\n<div class=\"col-sm-2 col-xs-6 col-sm-pull-2\">\n                <div class=\"eds-animate edsanimate-sis-hidden \" data-eds-entry-animation=\"fadeInLeft\" data-eds-entry-delay=\"0\" data-eds-entry-duration=\"0.5\" data-eds-entry-timing=\"linear\" data-eds-exit-animation=\"\" data-eds-exit-delay=\"\" data-eds-exit-duration=\"\" data-eds-exit-timing=\"\" data-eds-repeat-count=\"1\" data-eds-keep=\"yes\" data-eds-animate-on=\"scroll\" data-eds-scroll-offset=\"75\"><img loading=\"lazy\" decoding=\"async\" src=\"https:\/\/thegreattransition.net\/wp-content\/uploads\/2018\/02\/karipolanyi.jpg\" alt=\"\" width=\"215\" height=\"300\" class=\"alignright size-medium wp-image-812\"><\/div><\/p>\n<h5 class=\"vertical-text textwhite\">Kari Polanyi<br \/>\n                Levitt<\/h5>\n<\/p><\/div>\n<div class=\"col-sm-2 col-xs-6 col-sm-pull-2\">\n                <div class=\"eds-animate edsanimate-sis-hidden \" data-eds-entry-animation=\"fadeInLeft\" data-eds-entry-delay=\"0.5\" data-eds-entry-duration=\"0.5\" data-eds-entry-timing=\"linear\" data-eds-exit-animation=\"\" data-eds-exit-delay=\"\" data-eds-exit-duration=\"\" data-eds-exit-timing=\"\" data-eds-repeat-count=\"1\" data-eds-keep=\"yes\" data-eds-animate-on=\"scroll\" data-eds-scroll-offset=\"75\"><img loading=\"lazy\" decoding=\"async\" src=\"https:\/\/thegreattransition.net\/wp-content\/uploads\/2018\/02\/johannabockman.jpg\" alt=\"\" width=\"215\" height=\"300\" class=\"alignright size-medium wp-image-811\"><\/div><\/p>\n<h5 class=\"vertical-text textwhite\">Johanna<br \/>\n                Bockman<\/h5>\n<\/p><\/div>\n<div class=\"col-sm-2 col-xs-6 col-sm-pull-8\"><\/div>\n<div class=\"col-sm-2 col-xs-6 col-sm-pull-4\">\n                <div class=\"eds-animate edsanimate-sis-hidden \" data-eds-entry-animation=\"fadeInLeft\" data-eds-entry-delay=\"1\" data-eds-entry-duration=\"0.5\" data-eds-entry-timing=\"linear\" data-eds-exit-animation=\"\" data-eds-exit-delay=\"\" data-eds-exit-duration=\"\" data-eds-exit-timing=\"\" data-eds-repeat-count=\"1\" data-eds-keep=\"yes\" data-eds-animate-on=\"scroll\" data-eds-scroll-offset=\"75\"><img loading=\"lazy\" decoding=\"async\" src=\"https:\/\/thegreattransition.net\/wp-content\/uploads\/2018\/02\/alaindeneault.jpg\" alt=\"\" width=\"215\" height=\"300\" class=\"alignright size-medium wp-image-810\"><\/div><\/p>\n<h5 class=\"vertical-text textwhite\">Alain<br \/>\n                Deneault<\/h5>\n<\/p><\/div>\n<\/p><\/div>\n<div class=\"row\">\n<div class=\"col-sm-4 col-xs-12 col-sm-push-8 confdescriptor\">\n<h5 class=\"textwhite\">Philosophies critiques et luttes anticapitalistes<\/h5>\n<p class=\"textwhite\"><b>Vendredi 18 mai 16:00<\/b><\/p>\n<p>Si la philosophie critique fait face aujourd\u2019hui \u00e0 de nombreux d\u00e9fis, les questions qui l\u2019animent demeurent d\u2019une actualit\u00e9 brulante : comment penser l\u2019\u00e9mancipation de nos jours ? Quelle th\u00e9orie de la soci\u00e9t\u00e9 contemporaine permet de mieux cerner ses contradictions, ses limites et ses avenues de d\u00e9passement ? Car il ne suffit pas d\u2019interpr\u00e9ter le monde, il s\u2019agit aussi de le transformer.<\/p>\n<\/p><\/div>\n<div class=\"col-sm-2 col-xs-6 col-sm-pull-2\">\n                <div class=\"eds-animate edsanimate-sis-hidden \" data-eds-entry-animation=\"fadeInLeft\" data-eds-entry-delay=\"0\" data-eds-entry-duration=\"0.5\" data-eds-entry-timing=\"linear\" data-eds-exit-animation=\"\" data-eds-exit-delay=\"\" data-eds-exit-duration=\"\" data-eds-exit-timing=\"\" data-eds-repeat-count=\"1\" data-eds-keep=\"yes\" data-eds-animate-on=\"scroll\" data-eds-scroll-offset=\"75\"><img loading=\"lazy\" decoding=\"async\" src=\"https:\/\/thegreattransition.net\/wp-content\/uploads\/2018\/02\/Bruno-Boosteels.jpg\" alt=\"\" width=\"215\" height=\"300\" class=\"alignright size-medium wp-image-811\"><\/div><\/p>\n<h5 class=\"vertical-text textwhite\">Bruno<br \/>\n                Bosteels<\/h5>\n<\/p><\/div>\n<div class=\"col-sm-2 col-xs-6 col-sm-pull-2\">\n                <div class=\"eds-animate edsanimate-sis-hidden \" data-eds-entry-animation=\"fadeInLeft\" data-eds-entry-delay=\"0.5\" data-eds-entry-duration=\"0.5\" data-eds-entry-timing=\"linear\" data-eds-exit-animation=\"\" data-eds-exit-delay=\"\" data-eds-exit-duration=\"\" data-eds-exit-timing=\"\" data-eds-repeat-count=\"1\" data-eds-keep=\"yes\" data-eds-animate-on=\"scroll\" data-eds-scroll-offset=\"75\"><img loading=\"lazy\" decoding=\"async\" src=\"https:\/\/thegreattransition.net\/wp-content\/uploads\/2018\/02\/David-McNally.jpg\" alt=\"\" width=\"215\" height=\"300\" class=\"alignright size-medium wp-image-812\"><\/div><\/p>\n<h5 class=\"vertical-text textwhite\">David<br \/>\n                McNally<\/h5>\n<\/p><\/div>\n<div class=\"col-sm-2 col-xs-6 col-sm-pull-8\"><\/div>\n<div class=\"col-sm-2 col-xs-6 col-sm-pull-4\">\n                <div class=\"eds-animate edsanimate-sis-hidden \" data-eds-entry-animation=\"fadeInLeft\" data-eds-entry-delay=\"1\" data-eds-entry-duration=\"0.5\" data-eds-entry-timing=\"linear\" data-eds-exit-animation=\"\" data-eds-exit-delay=\"\" data-eds-exit-duration=\"\" data-eds-exit-timing=\"\" data-eds-repeat-count=\"1\" data-eds-keep=\"yes\" data-eds-animate-on=\"scroll\" data-eds-scroll-offset=\"75\"><img loading=\"lazy\" decoding=\"async\" src=\"https:\/\/thegreattransition.net\/wp-content\/uploads\/2018\/02\/Frank-Fischbach.jpg\" alt=\"\" width=\"215\" height=\"300\" class=\"alignright size-medium wp-image-810\"><\/div><\/p>\n<h5 class=\"vertical-text textwhite\" id=\"section2\">Franck<br \/>\n                Fischbach<\/h5>\n<\/p><\/div>\n<\/p><\/div>\n<div class=\"row\">\n<div class=\"col-sm-4 col-xs-12 col-sm-push-8 confdescriptor\">\n<h5 class=\"textwhite\">F\u00e9minisme, antiracisme et lutte de classes<\/h5>\n<p class=\"textwhite\"><b>Vendredi 18 mai 19:30<\/b><\/p>\n<p>La gauche anticapitaliste a historiquement eu tendance \u00e0 placer les enjeux f\u00e9ministes et antiracistes au second plan. Comment mettre de l\u2019avant une perspective \u00e9mancipatrice qui prenne pleinement en compte les rapports sociaux de sexe et de race, et qui ne r\u00e9duise pas tous les probl\u00e8mes sociaux au capitalisme? Quelles sont les conditions d\u2019une v\u00e9ritable solidarit\u00e9 populaire?<\/p>\n<\/p><\/div>\n<div class=\"col-sm-2 col-xs-6 col-sm-pull-2\">\n                <div class=\"eds-animate edsanimate-sis-hidden \" data-eds-entry-animation=\"fadeInLeft\" data-eds-entry-delay=\"0\" data-eds-entry-duration=\"0.5\" data-eds-entry-timing=\"linear\" data-eds-exit-animation=\"\" data-eds-exit-delay=\"\" data-eds-exit-duration=\"\" data-eds-exit-timing=\"\" data-eds-repeat-count=\"1\" data-eds-keep=\"yes\" data-eds-animate-on=\"scroll\" data-eds-scroll-offset=\"75\"><img loading=\"lazy\" decoding=\"async\" src=\"https:\/\/thegreattransition.net\/wp-content\/uploads\/2018\/02\/Himani-Bannerji.jpg\" alt=\"\" width=\"215\" height=\"300\" class=\"alignright size-medium wp-image-811\"><\/div><\/p>\n<h5 class=\"vertical-text textwhite\">Himani<br \/>\n                Bannerji<\/h5>\n<\/p><\/div>\n<div class=\"col-sm-2 col-xs-6 col-sm-pull-2\">\n                <div class=\"eds-animate edsanimate-sis-hidden \" data-eds-entry-animation=\"fadeInLeft\" data-eds-entry-delay=\"0.5\" data-eds-entry-duration=\"0.5\" data-eds-entry-timing=\"linear\" data-eds-exit-animation=\"\" data-eds-exit-delay=\"\" data-eds-exit-duration=\"\" data-eds-exit-timing=\"\" data-eds-repeat-count=\"1\" data-eds-keep=\"yes\" data-eds-animate-on=\"scroll\" data-eds-scroll-offset=\"75\"><img loading=\"lazy\" decoding=\"async\" src=\"https:\/\/thegreattransition.net\/wp-content\/uploads\/2018\/02\/Diane-Lamoureux.jpg\" alt=\"\" width=\"215\" height=\"300\" class=\"alignright size-medium wp-image-812\"><\/div><\/p>\n<h5 class=\"vertical-text textwhite\">Diane<br \/>\n                Lamoureux<\/h5>\n<\/p><\/div>\n<div class=\"col-sm-2 col-xs-6 col-sm-pull-8\"><\/div>\n<div class=\"col-sm-2 col-xs-6 col-sm-pull-4\">\n                <div class=\"eds-animate edsanimate-sis-hidden \" data-eds-entry-animation=\"fadeInLeft\" data-eds-entry-delay=\"1\" data-eds-entry-duration=\"0.5\" data-eds-entry-timing=\"linear\" data-eds-exit-animation=\"\" data-eds-exit-delay=\"\" data-eds-exit-duration=\"\" data-eds-exit-timing=\"\" data-eds-repeat-count=\"1\" data-eds-keep=\"yes\" data-eds-animate-on=\"scroll\" data-eds-scroll-offset=\"75\"><img loading=\"lazy\" decoding=\"async\" src=\"https:\/\/thegreattransition.net\/wp-content\/uploads\/2018\/02\/Dalie-Giroux.jpg\" alt=\"\" width=\"215\" height=\"300\" class=\"alignright size-medium wp-image-810\"><\/div><\/p>\n<h5 class=\"vertical-text textwhite\">Dalie<br \/>\n                Giroux<\/h5>\n<\/p><\/div>\n<\/p><\/div>\n<div class=\"row\">\n<div class=\"col-sm-4 col-xs-12 col-sm-push-8 confdescriptor\">\n<h5 class=\"textwhite\">Transition \u00e9cologique : r\u00e9forme ou r\u00e9volution ?<\/h5>\n<p class=\"textwhite\"><b>Samedi 19 mai 16:00<\/b><\/p>\n<p>Notre habitat naturel est en crise. La pollution industrielle et les bouleversements climatiques tuent d\u00e9j\u00e0 par millier. Ils d\u00e9stabiliseront la vie humaine pour les d\u00e9cennies \u00e0 venir. Comment sortir de cette impasse ? Comment agir pour cheminer vers une soci\u00e9t\u00e9 \u00e9cologique ?.<\/p>\n<\/p><\/div>\n<div class=\"col-sm-2 col-xs-6 col-sm-pull-2\">\n                <div class=\"eds-animate edsanimate-sis-hidden \" data-eds-entry-animation=\"fadeInLeft\" data-eds-entry-delay=\"0\" data-eds-entry-duration=\"0.5\" data-eds-entry-timing=\"linear\" data-eds-exit-animation=\"\" data-eds-exit-delay=\"\" data-eds-exit-duration=\"\" data-eds-exit-timing=\"\" data-eds-repeat-count=\"1\" data-eds-keep=\"yes\" data-eds-animate-on=\"scroll\" data-eds-scroll-offset=\"75\"><img loading=\"lazy\" decoding=\"async\" src=\"https:\/\/thegreattransition.net\/wp-content\/uploads\/2018\/02\/Jason-Moore.jpg\" alt=\"\" width=\"215\" height=\"300\" class=\"alignright size-medium wp-image-811\"><\/div><\/p>\n<h5 class=\"vertical-text textwhite\">Jason W.<br \/>\n                Moore<\/h5>\n<\/p><\/div>\n<div class=\"col-sm-2 col-xs-6 col-sm-pull-2\">\n                <div class=\"eds-animate edsanimate-sis-hidden \" data-eds-entry-animation=\"fadeInLeft\" data-eds-entry-delay=\"0.5\" data-eds-entry-duration=\"0.5\" data-eds-entry-timing=\"linear\" data-eds-exit-animation=\"\" data-eds-exit-delay=\"\" data-eds-exit-duration=\"\" data-eds-exit-timing=\"\" data-eds-repeat-count=\"1\" data-eds-keep=\"yes\" data-eds-animate-on=\"scroll\" data-eds-scroll-offset=\"75\"><img loading=\"lazy\" decoding=\"async\" src=\"https:\/\/thegreattransition.net\/wp-content\/uploads\/2018\/02\/Maristella-Svampa.jpg\" alt=\"\" width=\"215\" height=\"300\" class=\"alignright size-medium wp-image-812\"><\/div><\/p>\n<h5 class=\"vertical-text textwhite\">Maristella<br \/>\n                Svampa<\/h5>\n<\/p><\/div>\n<div class=\"col-sm-2 col-xs-6 col-sm-pull-8\"><\/div>\n<div class=\"col-sm-2 col-xs-6 col-sm-pull-4\">\n                <div class=\"eds-animate edsanimate-sis-hidden \" data-eds-entry-animation=\"fadeInLeft\" data-eds-entry-delay=\"1\" data-eds-entry-duration=\"0.5\" data-eds-entry-timing=\"linear\" data-eds-exit-animation=\"\" data-eds-exit-delay=\"\" data-eds-exit-duration=\"\" data-eds-exit-timing=\"\" data-eds-repeat-count=\"1\" data-eds-keep=\"yes\" data-eds-animate-on=\"scroll\" data-eds-scroll-offset=\"75\"><img loading=\"lazy\" decoding=\"async\" src=\"https:\/\/thegreattransition.net\/wp-content\/uploads\/2018\/02\/Anne-Ce\u0301line-Guyon.jpg\" alt=\"\" width=\"215\" height=\"300\" class=\"alignright size-medium wp-image-810\"><\/div><\/p>\n<h5 class=\"vertical-text textwhite\">Anne-C\u00e9line<br \/>\n                Guyon<\/h5>\n<\/p><\/div>\n<\/p><\/div>\n<div class=\"row\">\n<div class=\"col-sm-4 col-xs-12 col-sm-push-8 confdescriptor\">\n<h5 class=\"textwhite\">Strat\u00e9gies de luttes au XXIe si\u00e8cle<\/h5>\n<p class=\"textwhite\"><b>Samedi 19 mai 19:30<\/b><\/p>\n<p>Bien que la crise de 2008 ait \u00e9branl\u00e9 l&rsquo;ordre n\u00e9olib\u00e9ral, la gauche peine \u00e0 gagner du terrain. Ce sont plut\u00f4t les droites populistes qui semblent profiter de l&rsquo;instabilit\u00e9. Comment les mouvements progressistes peuvent-ils reprendre l\u2019offensive ? Comment penser l\u2019articulation entre mobilisations populaires, revendications imm\u00e9diates et perspective de transformation globale de la soci\u00e9t\u00e9?<\/p>\n<\/p><\/div>\n<div class=\"col-sm-2 col-xs-6 col-sm-pull-2\">\n                <div class=\"eds-animate edsanimate-sis-hidden \" data-eds-entry-animation=\"fadeInLeft\" data-eds-entry-delay=\"0.5\" data-eds-entry-duration=\"0.5\" data-eds-entry-timing=\"linear\" data-eds-exit-animation=\"\" data-eds-exit-delay=\"\" data-eds-exit-duration=\"\" data-eds-exit-timing=\"\" data-eds-repeat-count=\"1\" data-eds-keep=\"yes\" data-eds-animate-on=\"scroll\" data-eds-scroll-offset=\"75\"><img loading=\"lazy\" decoding=\"async\" src=\"https:\/\/thegreattransition.net\/wp-content\/uploads\/2018\/02\/Bhaskar-Sunkara.jpg\" alt=\"\" width=\"215\" height=\"300\" class=\"alignright size-medium wp-image-812\"><\/div><\/p>\n<h5 class=\"vertical-text textwhite\">Bhaskar<br \/>\n                Sunkara<\/h5>\n<\/p><\/div>\n<div class=\"col-sm-2 col-xs-6 col-sm-pull-2\">\n                <div class=\"eds-animate edsanimate-sis-hidden \" data-eds-entry-animation=\"fadeInLeft\" data-eds-entry-delay=\"1\" data-eds-entry-duration=\"0.5\" data-eds-entry-timing=\"linear\" data-eds-exit-animation=\"\" data-eds-exit-delay=\"\" data-eds-exit-duration=\"\" data-eds-exit-timing=\"\" data-eds-repeat-count=\"1\" data-eds-keep=\"yes\" data-eds-animate-on=\"scroll\" data-eds-scroll-offset=\"75\"><img loading=\"lazy\" decoding=\"async\" src=\"https:\/\/thegreattransition.net\/wp-content\/uploads\/2018\/02\/Jane-McAlevey.jpg\" alt=\"\" width=\"215\" height=\"300\" class=\"alignright size-medium wp-image-811\"><\/div><\/p>\n<h5 class=\"vertical-text textwhite\">Jane<br \/>\n                McAlevey<\/h5>\n<\/p><\/div>\n<div class=\"col-sm-2 col-xs-6 col-sm-pull-8\">\n<h5 class=\"vertical-text textwhite\"><\/h5>\n<\/div>\n<div class=\"col-sm-2 col-xs-6 col-sm-pull-4\">\n\t                 <div class=\"eds-animate edsanimate-sis-hidden \" data-eds-entry-animation=\"fadeInLeft\" data-eds-entry-delay=\"1.5\" data-eds-entry-duration=\"0.5\" data-eds-entry-timing=\"linear\" data-eds-exit-animation=\"\" data-eds-exit-delay=\"\" data-eds-exit-duration=\"\" data-eds-exit-timing=\"\" data-eds-repeat-count=\"1\" data-eds-keep=\"yes\" data-eds-animate-on=\"scroll\" data-eds-scroll-offset=\"75\"><img loading=\"lazy\" decoding=\"async\" src=\"https:\/\/thegreattransition.net\/wp-content\/uploads\/2018\/02\/Ethan-Miller.jpg\" alt=\"\" width=\"215\" height=\"300\" class=\"alignright size-medium wp-image-810\"><\/div> <\/p>\n<h5 class=\"vertical-text textwhite\">Ethan<br \/>Miller<\/h5>\n<\/p><\/div>\n<\/p><\/div>\n<div class=\"row\">\n<div class=\"col-sm-4 col-xs-12 col-sm-push-8 confdescriptor\">\n<h5 class=\"textwhite\">Penser le monde apr\u00e8s le capitalisme<\/h5>\n<p class=\"textwhite\"><b>Dimanche 20 mai 14:00<\/b><\/p>\n<p>Il ne suffit plus de critiquer la soci\u00e9t\u00e9 contemporaine. Il faut proposer et donner \u00e0 voir la nouvelle soci\u00e9t\u00e9 que nous voulons. Afin de redonner un \u00e9lan militant, quelles id\u00e9es et utopies peuvent nous servir de boussoles ? Quels sont les mod\u00e8les lib\u00e9rateurs et r\u00e9alisables ? De quoi sera fait demain ?<\/p>\n<\/p><\/div>\n<div class=\"col-sm-2 col-xs-6 col-sm-pull-4\">\n                <div class=\"eds-animate edsanimate-sis-hidden \" data-eds-entry-animation=\"fadeInLeft\" data-eds-entry-delay=\"0\" data-eds-entry-duration=\"0.5\" data-eds-entry-timing=\"linear\" data-eds-exit-animation=\"\" data-eds-exit-delay=\"\" data-eds-exit-duration=\"\" data-eds-exit-timing=\"\" data-eds-repeat-count=\"1\" data-eds-keep=\"yes\" data-eds-animate-on=\"scroll\" data-eds-scroll-offset=\"75\"><img loading=\"lazy\" decoding=\"async\" src=\"https:\/\/thegreattransition.net\/wp-content\/uploads\/2018\/03\/maudeprudhomm.jpg\" alt=\"\" width=\"215\" height=\"300\" class=\"alignright size-medium wp-image-810\"><\/div> <\/p>\n<h5 class=\"vertical-text textwhite\">Maude<br \/>Prud&rsquo;homme<\/h5>\n<\/p><\/div>\n<div class=\"col-sm-2 col-xs-6 col-sm-pull-4\">\n                <div class=\"eds-animate edsanimate-sis-hidden \" data-eds-entry-animation=\"fadeInLeft\" data-eds-entry-delay=\"0.5\" data-eds-entry-duration=\"0.5\" data-eds-entry-timing=\"linear\" data-eds-exit-animation=\"\" data-eds-exit-delay=\"\" data-eds-exit-duration=\"\" data-eds-exit-timing=\"\" data-eds-repeat-count=\"1\" data-eds-keep=\"yes\" data-eds-animate-on=\"scroll\" data-eds-scroll-offset=\"75\"><img loading=\"lazy\" decoding=\"async\" src=\"https:\/\/thegreattransition.net\/wp-content\/uploads\/2018\/02\/Julia-Posca.jpg\" alt=\"\" width=\"215\" height=\"300\" class=\"alignright size-medium wp-image-812\"><\/div><\/p>\n<h5 class=\"vertical-text textwhite\">Julia<br \/>\n                Posca<\/h5>\n<\/p><\/div>\n<div class=\"col-sm-2 col-xs-6 col-sm-pull-4\">\n                <div class=\"eds-animate edsanimate-sis-hidden \" data-eds-entry-animation=\"fadeInLeft\" data-eds-entry-delay=\"1\" data-eds-entry-duration=\"0.5\" data-eds-entry-timing=\"linear\" data-eds-exit-animation=\"\" data-eds-exit-delay=\"\" data-eds-exit-duration=\"\" data-eds-exit-timing=\"\" data-eds-repeat-count=\"1\" data-eds-keep=\"yes\" data-eds-animate-on=\"scroll\" data-eds-scroll-offset=\"75\"><img loading=\"lazy\" decoding=\"async\" src=\"https:\/\/thegreattransition.net\/wp-content\/uploads\/2018\/02\/Christian-Laval.jpg\" alt=\"\" width=\"215\" height=\"300\" class=\"alignright size-medium wp-image-811\"><\/div><\/p>\n<h5 class=\"vertical-text textwhite\">Christian<br \/>\n                Laval<\/h5>\n<\/p><\/div>\n<div class=\"col-sm-2 col-xs-6 col-sm-pull-4\">\n                <div class=\"eds-animate edsanimate-sis-hidden \" data-eds-entry-animation=\"fadeInLeft\" data-eds-entry-delay=\"1.5\" data-eds-entry-duration=\"0.5\" data-eds-entry-timing=\"linear\" data-eds-exit-animation=\"\" data-eds-exit-delay=\"\" data-eds-exit-duration=\"\" data-eds-exit-timing=\"\" data-eds-repeat-count=\"1\" data-eds-keep=\"yes\" data-eds-animate-on=\"scroll\" data-eds-scroll-offset=\"75\"><img loading=\"lazy\" decoding=\"async\" src=\"https:\/\/thegreattransition.net\/wp-content\/uploads\/2018\/02\/Pierre-Dardot.jpg\" alt=\"\" width=\"215\" height=\"300\" class=\"alignright size-medium wp-image-810\"><\/div><\/p>\n<h5 class=\"vertical-text textwhite\">Pierre<br \/>\n                Dardot<\/h5>\n<\/p><\/div>\n<\/p><\/div>\n<div class=\"row morespeakers\">\n<div style=\"float: left; padding: 5px 5px 5px 30px;\">\n<h4 class=\"textwhite\">Plus de 300 autres pan\u00e9listes dont:<\/h4>\n<\/div>\n<\/div>\n<div class=\"row morespeakers\">\n<div class=\"morespeakersimg\"><img loading=\"lazy\" decoding=\"async\" src=\"https:\/\/thegreattransition.net\/wp-content\/uploads\/2018\/03\/ks1.jpg\" alt=\"\" width=\"150\" height=\"200\"\/><\/p>\n<div class=\"morespeakersname\"><h7 class=\"textwhite\">Serge Halimi<\/h7><\/div>\n<\/div>\n<div class=\"morespeakersimg\"><img loading=\"lazy\" decoding=\"async\" src=\"https:\/\/thegreattransition.net\/wp-content\/uploads\/2018\/02\/ks2.jpg\" alt=\"\" width=\"150\" height=\"200\"\/><\/p>\n<div class=\"morespeakersname\"><h7 class=\"textwhite\">Anna Kruzynski<\/h7><\/div>\n<\/div>\n<div class=\"morespeakersimg\"><img loading=\"lazy\" decoding=\"async\" src=\"https:\/\/thegreattransition.net\/wp-content\/uploads\/2018\/02\/ks3.jpg\" alt=\"\" width=\"150\" height=\"200\"\/><\/p>\n<div class=\"morespeakersname\"><h7 class=\"textwhite\">Sue Ferguson<\/h7><\/div>\n<\/div>\n<div class=\"morespeakersimg\"><img loading=\"lazy\" decoding=\"async\" src=\"https:\/\/thegreattransition.net\/wp-content\/uploads\/2018\/02\/ks4.jpg\" alt=\"\" width=\"150\" height=\"200\"\/><\/p>\n<div class=\"morespeakersname\"><h7 class=\"textwhite\">Neil Davidson<\/h7><\/div>\n<\/div>\n<div class=\"morespeakersimg\"><img loading=\"lazy\" decoding=\"async\" src=\"https:\/\/thegreattransition.net\/wp-content\/uploads\/2018\/02\/ks5.jpg\" alt=\"\" width=\"150\" height=\"200\"\/><\/p>\n<div class=\"morespeakersname\"><h7 class=\"textwhite\">Jessica Gordon Nembhard<\/h7><\/div>\n<\/div>\n<div class=\"morespeakersimg\"><img loading=\"lazy\" decoding=\"async\" src=\"https:\/\/thegreattransition.net\/wp-content\/uploads\/2018\/02\/ks6.jpg\" alt=\"\" width=\"150\" height=\"200\"\/><\/p>\n<div class=\"morespeakersname\"><h7 class=\"textwhite\">Yves-Marie Abraham<\/h7><\/div>\n<\/div>\n<div class=\"morespeakersimg\"><img loading=\"lazy\" decoding=\"async\" src=\"https:\/\/thegreattransition.net\/wp-content\/uploads\/2018\/02\/ks7.jpg\" alt=\"\" width=\"150\" height=\"200\"\/><\/p>\n<div class=\"morespeakersname\"><h7 class=\"textwhite\">Caroline Shenaz Hossein<\/h7><\/div>\n<\/div>\n<p><!--\n\n<div class=\"morespeakersimg\"><img loading=\"lazy\" decoding=\"async\" src=\"https:\/\/thegreattransition.net\/wp-content\/uploads\/2018\/02\/ks8.jpg\" alt=\"\" width=\"150\" height=\"200\"\/>\n\n<div class=\"morespeakersname\"><h7 class=\"textwhite\">Charles Post<\/h7><\/div>\n\n<\/div>\n\n--><\/p>\n<div class=\"morespeakersimg\"><img loading=\"lazy\" decoding=\"async\" src=\"https:\/\/thegreattransition.net\/wp-content\/uploads\/2018\/02\/ks9.jpg\" alt=\"\" width=\"150\" height=\"200\"\/><\/p>\n<div class=\"morespeakersname\"><h7 class=\"textwhite\">Clifford Atleo<\/h7><\/div>\n<\/div>\n<div class=\"morespeakersimg\"><img loading=\"lazy\" decoding=\"async\" src=\"https:\/\/thegreattransition.net\/wp-content\/uploads\/2018\/02\/ks10.jpg\" alt=\"\" width=\"150\" height=\"200\"\/><\/p>\n<div class=\"morespeakersname\"><h7 class=\"textwhite\">Sabrina Fernandes<\/h7><\/div>\n<\/div>\n<div class=\"morespeakersimg\"><img loading=\"lazy\" decoding=\"async\" src=\"https:\/\/thegreattransition.net\/wp-content\/uploads\/2018\/02\/ks11.jpg\" alt=\"\" width=\"150\" height=\"200\"\/><\/p>\n<div class=\"morespeakersname\"><h7 class=\"textwhite\">Anne Latendresse<\/h7><\/div>\n<\/div>\n<div class=\"morespeakersimg\"><img loading=\"lazy\" decoding=\"async\" src=\"https:\/\/thegreattransition.net\/wp-content\/uploads\/2018\/02\/ks12.jpg\" alt=\"\" width=\"150\" height=\"200\"\/><\/p>\n<div class=\"morespeakersname\"><h7 class=\"textwhite\">David Camfield<\/h7><\/div>\n<\/div>\n<div class=\"morespeakersimg\"><img loading=\"lazy\" decoding=\"async\" src=\"https:\/\/thegreattransition.net\/wp-content\/uploads\/2018\/02\/ks13.jpg\" alt=\"\" width=\"150\" height=\"200\"\/><\/p>\n<div class=\"morespeakersname\"><h7 class=\"textwhite\">Eric Martin<\/h7><\/div>\n<\/div>\n<div class=\"morespeakersimg\"><img loading=\"lazy\" decoding=\"async\" src=\"https:\/\/thegreattransition.net\/wp-content\/uploads\/2018\/02\/ks14.jpg\" alt=\"\" width=\"150\" height=\"200\"\/><\/p>\n<div class=\"morespeakersname\"><h7 class=\"textwhite\">Sherry Wolf<\/h7><\/div>\n<\/div>\n<div class=\"morespeakersimg\"><img loading=\"lazy\" decoding=\"async\" src=\"https:\/\/thegreattransition.net\/wp-content\/uploads\/2018\/02\/ks15.jpg\" alt=\"\" width=\"150\" height=\"200\"\/><\/p>\n<div class=\"morespeakersname\"><h7 class=\"textwhite\">Anahi Morales Hudon<\/h7><\/div>\n<\/div>\n<div class=\"morespeakersimg\"><img loading=\"lazy\" decoding=\"async\" src=\"https:\/\/thegreattransition.net\/wp-content\/uploads\/2018\/02\/ks16.jpg\" alt=\"\" width=\"150\" height=\"200\"\/><\/p>\n<div class=\"morespeakersname\"><h7 class=\"textwhite\">Jonathan Durand Folco<\/h7><\/div>\n<\/div>\n<div class=\"morespeakersimg\"><img loading=\"lazy\" decoding=\"async\" src=\"https:\/\/thegreattransition.net\/wp-content\/uploads\/2018\/02\/ks17.jpg\" alt=\"\" width=\"150\" height=\"200\"\/><\/p>\n<div class=\"morespeakersname\"><h7 class=\"textwhite\">Bengi Akbulut<\/h7><\/div>\n<\/div>\n<div class=\"morespeakersimg\"><img loading=\"lazy\" decoding=\"async\" src=\"https:\/\/thegreattransition.net\/wp-content\/uploads\/2018\/02\/ks18.jpg\" alt=\"\" width=\"150\" height=\"200\"\/><\/p>\n<div class=\"morespeakersname\"><h7 class=\"textwhite\">Khury Petersen-Smith<\/h7><\/div>\n<\/div>\n<div class=\"morespeakersimg\"><img loading=\"lazy\" decoding=\"async\" src=\"https:\/\/thegreattransition.net\/wp-content\/uploads\/2018\/02\/ks19.jpg\" alt=\"\" width=\"150\" height=\"200\"\/><\/p>\n<div class=\"morespeakersname\"><h7 class=\"textwhite\">Christophe Aguiton<\/h7><\/div>\n<\/div>\n<div class=\"morespeakersseeschedule\">\n<h4 class=\"textwhite\"  style=\"text-align: center; line-height: 5em;\"><a href=\"fr\/programme\" class=\"textwhite\">Voir le programme complet >><\/a><\/h4>\n<\/div>\n<\/div>\n<div class=\"row scrolldivider\">\n<div class=\"col-xs-1\"><\/div>\n<div class=\"col-xs-7\">\n<h3 class=\"textwhite\">Panels par th\u00e9matique<\/h3>\n<\/p><\/div>\n<div class=\"col-xs-4\">\n<p class=\"textwhite\">\n<\/p><\/div>\n<\/p><\/div>\n<div class=\"row themeback\" style=\"background-image: url(https:\/\/thegreattransition.net\/wp-content\/uploads\/2018\/02\/ecology.jpg);\">\n<div class=\"row hovercontrast\">\n<div class=\"col-sm-1\"><\/div>\n<div class=\"col-sm-4 col-sm-push-7 smallthemesize\" style=\"background-color: #38a825;\">\n<h5 style=\"color:#fff;\">\u00c9cologie<\/h5>\n<\/p><\/div>\n<div class=\"col-sm-7 col-sm-pull-4\">\n<p class=\"panelbythemepar\"><a class=\"panelbytheme\" href=\"http:\/\/thegreattransition.net\/fr\/programme-theme#1\">Capitalisme vert <\/a><\/p>\n<p class=\"panelbythemepar\"><a class=\"panelbytheme\" href=\"http:\/\/thegreattransition.net\/fr\/programme-theme#1\">Discussion sur le livre Climate Leviathan (Verso 2018) <\/a><\/p>\n<p class=\"panelbythemepar\"><a class=\"panelbytheme\" href=\"http:\/\/thegreattransition.net\/fr\/programme-theme#1\">Sortir du p\u00e9trole <\/a><\/p>\n<p class=\"panelbythemepar\"><a class=\"panelbytheme\" href=\"http:\/\/thegreattransition.net\/fr\/programme-theme#1\">Les mouvements \u00e9cologistes au Qu\u00e9bec et au Canada <\/a><\/p>\n<p class=\"panelbythemepar\"><a class=\"panelbytheme\" href=\"http:\/\/thegreattransition.net\/fr\/programme-theme#1\">Convergences \u00e9co-sociales <\/a><\/p>\n<p class=\"panelbythemepar\"><a class=\"panelbytheme\" href=\"http:\/\/thegreattransition.net\/fr\/programme-theme#1\">Capital en tant que pouvoir : \u00c9nergie et Hi\u00e9rarchie <\/a><\/p>\n<p class=\"panelbythemepar\"><a class=\"panelbytheme\" href=\"http:\/\/thegreattransition.net\/fr\/programme-theme#1\">D\u00e9bat : La gauche et l&rsquo;urgence \u00e9cologique: quelle voie emprunter? <\/a><\/p>\n<\/div>\n<\/div>\n<\/div>\n<div class=\"row themeback\" style=\"background-image: url(https:\/\/thegreattransition.net\/wp-content\/uploads\/2018\/02\/capitalisme.jpg);\">\n<div class=\"row hovercontrast\">\n<div class=\"col-sm-1\"><\/div>\n<div class=\"col-sm-4 col-sm-push-7 smallthemesize\" style=\"background-color: #2563a8;\">\n<h5 style=\"color:#fff;\">Capitalisme<\/h5>\n<\/p><\/div>\n<div class=\"col-sm-7 col-sm-pull-4\">\n<p class=\"panelbythemepar\"><a class=\"panelbytheme\" href=\"http:\/\/thegreattransition.net\/fr\/programme-theme#2\">Accumulation pr\u00e9caire I &#8211; Valeur, finance et capitalisme <\/a><\/p>\n<p class=\"panelbythemepar\"><a class=\"panelbytheme\" href=\"http:\/\/thegreattransition.net\/fr\/programme-theme#2\">Capitalisme et sant\u00e9: h\u00e9g\u00e9monie et contre-h\u00e9g\u00e9monie <\/a><\/p>\n<p class=\"panelbythemepar\"><a class=\"panelbytheme\" href=\"http:\/\/thegreattransition.net\/fr\/programme-theme#2\">Sociologie critique du capitalisme <\/a><\/p>\n<p class=\"panelbythemepar\"><a class=\"panelbytheme\" href=\"http:\/\/thegreattransition.net\/fr\/programme-theme#2\">Accumulation pr\u00e9caire II &#8211; Mat\u00e9rialisme historique intersectionnel <\/a><\/p>\n<p class=\"panelbythemepar\"><a class=\"panelbytheme\" href=\"http:\/\/thegreattransition.net\/fr\/programme-theme#2\">Capital en tant que pouvoir : Cr\u00e9er-organiser le pouvoir capitalis\u00e9 <\/a><\/p>\n<p class=\"panelbythemepar\"><a class=\"panelbytheme\" href=\"http:\/\/thegreattransition.net\/fr\/programme-theme#2\">Accumulation, surplus, crise <\/a><\/p>\n<p class=\"panelbythemepar\"><a class=\"panelbytheme\" href=\"http:\/\/thegreattransition.net\/fr\/programme-theme#2\">Des origines \u00e0 la mondialisation n\u00e9olib\u00e9rale : une histoire du capitalisme <\/a><\/p>\n<p class=\"panelbythemepar\"><a class=\"panelbytheme\" href=\"http:\/\/thegreattransition.net\/fr\/programme-theme#2\">Totalitarisme pervers et souverainet\u00e9 des corporations<\/a><\/p>\n<p class=\"panelbythemepar\"><a class=\"panelbytheme\" href=\"http:\/\/thegreattransition.net\/fr\/programme-theme#2\">Les classes sociales aujourd&rsquo;hui <\/a><\/p>\n<p class=\"panelbythemepar\"><a class=\"panelbytheme\" href=\"http:\/\/thegreattransition.net\/fr\/programme-theme#2\">R\u00e9sistance \u00e0 la technique <\/a><\/p>\n<p class=\"panelbythemepar\"><a class=\"panelbytheme\" href=\"http:\/\/thegreattransition.net\/fr\/programme-theme#2\">Capital en tant que pouvoir : Culture, taxes et in\u00e9galit\u00e9s <\/a><\/p>\n<\/div>\n<\/div>\n<\/div>\n<div class=\"row themeback\" style=\"background-image: url(https:\/\/thegreattransition.net\/wp-content\/uploads\/2018\/02\/feminisme.jpg);\">\n<div class=\"row hovercontrast\">\n<div class=\"col-sm-1\"><\/div>\n<div class=\"col-sm-4 col-sm-push-7 smallthemesize\" style=\"background-color: #8b25a8;\">\n<h5 style=\"color:#fff;\">F\u00e9minisme<\/h5>\n<\/p><\/div>\n<div class=\"col-sm-7 col-sm-pull-4\">\n<p class=\"panelbythemepar\"><a class=\"panelbytheme\" href=\"http:\/\/thegreattransition.net\/fr\/programme-theme#3\">Perspectives f\u00e9ministes mat\u00e9rialistes et intersectionnelles sur le droit au logement <\/a><\/p>\n<p class=\"panelbythemepar\"><a class=\"panelbytheme\" href=\"http:\/\/thegreattransition.net\/fr\/programme-theme#3\">Femmes, reproduction sociale et r\u00e9sistance <\/a><\/p>\n<p class=\"panelbythemepar\"><a class=\"panelbytheme\" href=\"http:\/\/thegreattransition.net\/fr\/programme-theme#3\">F\u00e9minisme, sexualit\u00e9, classe et diff\u00e9rences <\/a><\/p>\n<p class=\"panelbythemepar\"><a class=\"panelbytheme\" href=\"http:\/\/thegreattransition.net\/fr\/programme-theme#3\">Philosophie de la reproduction sociale <\/a><\/p>\n<p class=\"panelbythemepar\"><a class=\"panelbytheme\" href=\"http:\/\/thegreattransition.net\/fr\/programme-theme#3\">Le marxisme et la lutte pour lib\u00e9rer les opprim\u00e9.e.s <\/a><\/p>\n<p class=\"panelbythemepar\"><a class=\"panelbytheme\" href=\"http:\/\/thegreattransition.net\/fr\/programme-theme#3\">F\u00e9minisme, politiques identitaires et lutte de classes <\/a><\/p>\n<p class=\"panelbythemepar\"><a class=\"panelbytheme\" href=\"http:\/\/thegreattransition.net\/fr\/programme-theme#3\">R\u00e9sistance et genre : La transformation sociale men\u00e9e par les femmes kurdes au-del\u00e0 de l&rsquo;\u00c9tat <\/a><\/p>\n<p class=\"panelbythemepar\"><a class=\"panelbytheme\" href=\"http:\/\/thegreattransition.net\/fr\/programme-theme#3\">F\u00e9minismes, d\u00e9croissance et post-capitalisme <\/a><\/p>\n<\/div>\n<\/div>\n<\/div>\n<div class=\"row themeback\" style=\"background-image: url(https:\/\/thegreattransition.net\/wp-content\/uploads\/2018\/02\/histoire.jpg);\">\n<div class=\"row hovercontrast\">\n<div class=\"col-sm-1\"><\/div>\n<div class=\"col-sm-4 col-sm-push-7 smallthemesize\" style=\"background-color: #c8a700;\">\n<h5 style=\"color:#000;\">Histoire<\/h5>\n<\/p><\/div>\n<div class=\"col-sm-7 col-sm-pull-4\">\n<p class=\"panelbythemepar\"><a class=\"panelbytheme\" href=\"http:\/\/thegreattransition.net\/fr\/programme-theme#4\">Consolidation du capitalisme au 19eme si\u00e8cle <\/a><\/p>\n<p class=\"panelbythemepar\"><a class=\"panelbytheme\" href=\"http:\/\/thegreattransition.net\/fr\/programme-theme#4\">Origines et histoire du capitalisme <\/a><\/p>\n<p class=\"panelbythemepar\"><a class=\"panelbytheme\" href=\"http:\/\/thegreattransition.net\/fr\/programme-theme#4\">\u00c9tudes de cas sur les origines du capitalisme (Lancement de livre) <\/a><\/p>\n<p class=\"panelbythemepar\"><a class=\"panelbytheme\" href=\"http:\/\/thegreattransition.net\/fr\/programme-theme#4\">Femmes, travail et reproduction sociale<\/a><\/p>\n<p class=\"panelbythemepar\"><a class=\"panelbytheme\" href=\"http:\/\/thegreattransition.net\/fr\/programme-theme#4\">\u00c9tat, propri\u00e9t\u00e9 et colonialisme<\/a><\/p>\n<p class=\"panelbythemepar\"><a class=\"panelbytheme\" href=\"http:\/\/thegreattransition.net\/fr\/programme-theme#4\">Contestations et aspirations anticapitalistes au XXe si\u00e8cle<\/a><\/p>\n<p class=\"panelbythemepar\"><a class=\"panelbytheme\" href=\"http:\/\/thegreattransition.net\/fr\/programme-theme#4\">De l&rsquo;\u00e9conomie morale \u00e0 l&rsquo;immoralit\u00e9 n\u00e9olib\u00e9rale<\/a><\/p>\n<p class=\"panelbythemepar\"><a class=\"panelbytheme\" href=\"http:\/\/thegreattransition.net\/fr\/programme-theme#4\">Ce qui a chang\u00e9 le 25 Octobre 1917 : le\u00e7ons du contr\u00f4le ouvrier au d\u00e9but de l&rsquo;Union Sovi\u00e9tique <\/a><\/p>\n<p class=\"panelbythemepar\"><a class=\"panelbytheme\" href=\"http:\/\/thegreattransition.net\/fr\/programme-theme#4\">R\u00e9examiner la post\u00e9rit\u00e9 politique et philosophique de la R\u00e9volution russe <\/a><\/p>\n<p class=\"panelbythemepar\"><a class=\"panelbytheme\" href=\"http:\/\/thegreattransition.net\/fr\/programme-theme#4\">L&rsquo;activisme transnational et l&rsquo;Internationale Communiste <\/a><\/p>\n<\/div>\n<\/div>\n<\/div>\n<div class=\"row themeback\" style=\"background-image: url(https:\/\/thegreattransition.net\/wp-content\/uploads\/2018\/02\/autogestion.jpg);\">\n<div class=\"row hovercontrast\">\n<div class=\"col-sm-1\"><\/div>\n<div class=\"col-sm-4 col-sm-push-7 smallthemesize\" style=\"background-color: #9baeff;\">\n<h5 style=\"color:#000;\">\u00c9conomie \u00e9mancipatrice<\/h5>\n<\/p><\/div>\n<div class=\"col-sm-7 col-sm-pull-4\">\n<p class=\"panelbythemepar\"><a class=\"panelbytheme\" href=\"http:\/\/thegreattransition.net\/fr\/programme-theme#5\">Recadrage et (r\u00e9)appropriation des pratiques mon\u00e9taires et financi\u00e8res <\/a><\/p>\n<p class=\"panelbythemepar\"><a class=\"panelbytheme\" href=\"http:\/\/thegreattransition.net\/fr\/programme-theme#5\">L&rsquo;\u00e9conomie sociale d&rsquo;hier \u00e0 aujourd&rsquo;hui: du socialisme \u00e0 l&rsquo;anarchisme? <\/a><\/p>\n<p class=\"panelbythemepar\"><a class=\"panelbytheme\" href=\"http:\/\/thegreattransition.net\/fr\/programme-theme#5\">Entreprises et organisations profond\u00e9ment d\u00e9mocratiques <\/a><\/p>\n<p class=\"panelbythemepar\"><a class=\"panelbytheme\" href=\"http:\/\/thegreattransition.net\/fr\/programme-theme#5\">R\u00e9surgence \u00e9conomique dans les communaut\u00e9s autochtones <\/a><\/p>\n<p class=\"panelbythemepar\"><a class=\"panelbytheme\" href=\"http:\/\/thegreattransition.net\/fr\/programme-theme#5\">Penser les transitions agricoles et alimentaires <\/a><\/p>\n<p class=\"panelbythemepar\"><a class=\"panelbytheme\" href=\"http:\/\/thegreattransition.net\/fr\/programme-theme#5\">Initiatives inspirantes <\/a><\/p>\n<p class=\"panelbythemepar\"><a class=\"panelbytheme\" href=\"http:\/\/thegreattransition.net\/fr\/programme-theme#5\">Perspectives f\u00e9ministes sur les alternatives \u00e9conomiques: dialogue interg\u00e9n\u00e9rationnel <\/a><\/p>\n<p class=\"panelbythemepar\"><a class=\"panelbytheme\" href=\"http:\/\/thegreattransition.net\/fr\/programme-theme#5\">Justice \u00e9conomique par et pour les communaut\u00e9s racis\u00e9es <\/a><\/p>\n<p class=\"panelbythemepar\"><a class=\"panelbytheme\" href=\"http:\/\/thegreattransition.net\/fr\/programme-theme#5\">R\u00e9appropriation \u00e0 grande \u00e9chelle : le cas du B\u00e2timent 7 et la coop\u00e9rative des jeunes Press Start <\/a><\/p>\n<p class=\"panelbythemepar\"><a class=\"panelbytheme\" href=\"http:\/\/thegreattransition.net\/fr\/programme-theme#5\">Les fiducies fonci\u00e8res communautaires comme arme secr\u00e8te du post-capitalisme <\/a><\/p>\n<p class=\"panelbythemepar\"><a class=\"panelbytheme\" href=\"http:\/\/thegreattransition.net\/fr\/programme-theme#5\">Communaut\u00e9, d\u00e9mocratie et entraide : vers et au-del\u00e0 de la dualit\u00e9 des pouvoirs <\/a><\/p>\n<\/div>\n<\/div>\n<\/div>\n<div class=\"row themeback\" style=\"background-image: url(https:\/\/thegreattransition.net\/wp-content\/uploads\/2018\/02\/culture.jpg);\">\n<div class=\"row hovercontrast\">\n<div class=\"col-sm-1\"><\/div>\n<div class=\"col-sm-4 col-sm-push-7 smallthemesize\" style=\"background-color: #fffb00;\">\n<h5 style=\"color:#000;\">Culture<\/h5>\n<\/p><\/div>\n<div class=\"col-sm-7 col-sm-pull-4\">\n<p class=\"panelbythemepar\"><a class=\"panelbytheme\" href=\"http:\/\/thegreattransition.net\/fr\/programme-theme#6\">Subjectivation, ali\u00e9nation et conscience de classe <\/a><\/p>\n<p class=\"panelbythemepar\"><a class=\"panelbytheme\" href=\"http:\/\/thegreattransition.net\/fr\/programme-theme#6\">Imagination, critique sociale et m\u00e9lancolie <\/a><\/p>\n<p class=\"panelbythemepar\"><a class=\"panelbytheme\" href=\"http:\/\/thegreattransition.net\/fr\/programme-theme#6\">Panel de Red Wedge I : Contre-culture et reproduction sociale <\/a><\/p>\n<p class=\"panelbythemepar\"><a class=\"panelbytheme\" href=\"http:\/\/thegreattransition.net\/fr\/programme-theme#6\">Panel de Red Wedge II : Cartographie cognitive, affect et exp\u00e9rience esth\u00e9tique <\/a><\/p>\n<p class=\"panelbythemepar\"><a class=\"panelbytheme\" href=\"http:\/\/thegreattransition.net\/fr\/programme-theme#6\">R\u00e9sister au r\u00e9el : la lutte autour de la culture globale contemporaine <\/a><\/p>\n<p class=\"panelbythemepar\"><a class=\"panelbytheme\" href=\"http:\/\/thegreattransition.net\/fr\/programme-theme#6\">Science for the People (1969-1989) et sa critique de l&rsquo;imp\u00e9rialisme am\u00e9ricain, du d\u00e9terminisme biologique et de la science elle-m\u00eame <\/a><\/p>\n<p class=\"panelbythemepar\"><a class=\"panelbytheme\" href=\"http:\/\/thegreattransition.net\/fr\/programme-theme#6\">\u00c9ducation et p\u00e9dagogie critique <\/a><\/p>\n<p class=\"panelbythemepar\"><a class=\"panelbytheme\" href=\"http:\/\/thegreattransition.net\/fr\/programme-theme#6\">Panel de Red Wedge III : Les buts de l&rsquo;art et de la culture : explorer l&rsquo;avant-garde populaire <\/a><\/p>\n<p class=\"panelbythemepar\"><a class=\"panelbytheme\" href=\"http:\/\/thegreattransition.net\/fr\/programme-theme#6\">Le d\u00e9veloppement in\u00e9gal et compar\u00e9 comme mod\u00e8le pour la litt\u00e9rature mondiale : r\u00e9flexions sur le Centre de Recherche de Warwick (WReC) <\/a><\/p>\n<p class=\"panelbythemepar\"><a class=\"panelbytheme\" href=\"http:\/\/thegreattransition.net\/fr\/programme-theme#6\">Esth\u00e9tique et R\u00e9volution au 21eme si\u00e8cle <\/a><\/p>\n<\/div>\n<\/div>\n<\/div>\n<div class=\"row themeback\" style=\"background-image: url(https:\/\/thegreattransition.net\/wp-content\/uploads\/2018\/02\/imperialism2.jpg);\">\n<div class=\"row hovercontrast\">\n<div class=\"col-sm-1\"><\/div>\n<div class=\"col-sm-4 col-sm-push-7 smallthemesize\" style=\"background-color: #000;\">\n<h5 style=\"color:#fff;\">Imp\u00e9rialisme<\/h5>\n<\/p><\/div>\n<div class=\"col-sm-7 col-sm-pull-4\">\n<p class=\"panelbythemepar\"><a class=\"panelbytheme\" href=\"http:\/\/thegreattransition.net\/fr\/programme-theme#7\">Imp\u00e9rialisme, capitalisme et r\u00e9sistance en Inde <\/a><\/p>\n<p class=\"panelbythemepar\"><a class=\"panelbytheme\" href=\"http:\/\/thegreattransition.net\/fr\/programme-theme#7\">Crise, fin ou continuit\u00e9 de l\u2019imp\u00e9rialisme am\u00e9ricain? <\/a><\/p>\n<p class=\"panelbythemepar\"><a class=\"panelbytheme\" href=\"http:\/\/thegreattransition.net\/fr\/programme-theme#7\">Guerre, imp\u00e9rialisme et ordre global <\/a><\/p>\n<p class=\"panelbythemepar\"><a class=\"panelbytheme\" href=\"http:\/\/thegreattransition.net\/fr\/programme-theme#7\">La R\u00e9volution syrienne, l&rsquo;imp\u00e9rialisme et la gauche <\/a><\/p>\n<p class=\"panelbythemepar\"><a class=\"panelbytheme\" href=\"http:\/\/thegreattransition.net\/fr\/programme-theme#7\">Marx apr\u00e8s L\u00e9nine <\/a><\/p>\n<\/div>\n<\/div>\n<\/div>\n<div class=\"row themeback\" style=\"background-image: url(https:\/\/thegreattransition.net\/wp-content\/uploads\/2018\/02\/economy.jpg);\">\n<div class=\"row hovercontrast\">\n<div class=\"col-sm-1\"><\/div>\n<div class=\"col-sm-4 col-sm-push-7 smallthemesize\" style=\"background-color: #0d004e;\">\n<h5 style=\"color:#fff;\">N\u00e9olib\u00e9ralisme, finance et mondialisation<\/h5>\n<\/p><\/div>\n<div class=\"col-sm-7 col-sm-pull-4\">\n<p class=\"panelbythemepar\"><a class=\"panelbytheme\" href=\"http:\/\/thegreattransition.net\/fr\/programme-theme#8\">La dette: entre croissance et crise <\/a><\/p>\n<p class=\"panelbythemepar\"><a class=\"panelbytheme\" href=\"http:\/\/thegreattransition.net\/fr\/programme-theme#8\">Jeunesse, n\u00e9olib\u00e9ralisme et \u00e9mancipation <\/a><\/p>\n<p class=\"panelbythemepar\"><a class=\"panelbytheme\" href=\"http:\/\/thegreattransition.net\/fr\/programme-theme#8\">L\u2019altermondialisme et le Forum social mondial<\/a><\/p>\n<p class=\"panelbythemepar\"><a class=\"panelbytheme\" href=\"http:\/\/thegreattransition.net\/fr\/programme-theme#8\">Financiarisation et classes dans le capitalisme avanc\u00e9 <\/a><\/p>\n<p class=\"panelbythemepar\"><a class=\"panelbytheme\" href=\"http:\/\/thegreattransition.net\/fr\/programme-theme#8\">Accumulation pr\u00e9caire III &#8211; Le n\u00e9olib\u00e9ralisme au 21e si\u00e8cle <\/a><\/p>\n<p class=\"panelbythemepar\"><a class=\"panelbytheme\" href=\"http:\/\/thegreattransition.net\/fr\/programme-theme#8\">Mondialisation, Usines, Zone de libre-\u00e9change <\/a><\/p>\n<p class=\"panelbythemepar\"><a class=\"panelbytheme\" href=\"http:\/\/thegreattransition.net\/fr\/programme-theme#8\">Financiarisation, crise financi\u00e8re, endettement <\/a><\/p>\n<p class=\"panelbythemepar\"><a class=\"panelbytheme\" href=\"http:\/\/thegreattransition.net\/fr\/programme-theme#8\">L&rsquo;action politique des mouvements sociaux contre le n\u00e9olib\u00e9ralisme 2.0 <\/a><\/p>\n<p class=\"panelbythemepar\"><a class=\"panelbytheme\" href=\"http:\/\/thegreattransition.net\/fr\/programme-theme#8\">Affronter le n\u00e9olib\u00e9ralisme dans la p\u00e9riph\u00e9rie <\/a><\/p>\n<\/div>\n<\/div>\n<\/div>\n<div class=\"row themeback\" style=\"background-image: url(https:\/\/thegreattransition.net\/wp-content\/uploads\/2018\/02\/partis2.jpg);\">\n<div class=\"row hovercontrast\">\n<div class=\"col-sm-1\"><\/div>\n<div class=\"col-sm-4 col-sm-push-7 smallthemesize\" style=\"background-color: #fdba00;\">\n<h5 style=\"color:#000;\">\u00c9tat et partis politiques<\/h5>\n<\/p><\/div>\n<div class=\"col-sm-7 col-sm-pull-4\">\n<p class=\"panelbythemepar\"><a class=\"panelbytheme\" href=\"http:\/\/thegreattransition.net\/fr\/programme-theme#9\">\u00c9tat, h\u00e9g\u00e9monie et transition vers le socialisme : penser notre monde avec Gramsci et Poulantzas <\/a><\/p>\n<p class=\"panelbythemepar\"><a class=\"panelbytheme\" href=\"http:\/\/thegreattransition.net\/fr\/programme-theme#9\">Strat\u00e9gie \u00e9lectorale de gauche aux \u00c9tats-Unis <\/a><\/p>\n<p class=\"panelbythemepar\"><a class=\"panelbytheme\" href=\"http:\/\/thegreattransition.net\/fr\/programme-theme#9\">Les exp\u00e9riences de gouvernement de la gauche radicale: le\u00e7ons et d\u00e9fis \u00e0 relever <\/a><\/p>\n<p class=\"panelbythemepar\"><a class=\"panelbytheme\" href=\"http:\/\/thegreattransition.net\/fr\/programme-theme#9\">Les partis de gauche et leurs strat\u00e9gies de transition <\/a><\/p>\n<p class=\"panelbythemepar\"><a class=\"panelbytheme\" href=\"http:\/\/thegreattransition.net\/fr\/programme-theme#9\">Le socialisme v\u00e9n\u00e9zu\u00e9lien sous la loupe <\/a><\/p>\n<\/div>\n<\/div>\n<\/div>\n<div class=\"row themeback\" style=\"background-image: url(https:\/\/thegreattransition.net\/wp-content\/uploads\/2018\/02\/racisme.jpg);\">\n<div class=\"row hovercontrast\">\n<div class=\"col-sm-1\"><\/div>\n<div class=\"col-sm-4 col-sm-push-7 smallthemesize\" style=\"background-color: #434343;\">\n<h5 style=\"color:#fff;\">Racisme et colonialisme<\/h5>\n<\/p><\/div>\n<div class=\"col-sm-7 col-sm-pull-4\">\n<p class=\"panelbythemepar\"><a class=\"panelbytheme\" href=\"http:\/\/thegreattransition.net\/fr\/programme-theme#10\">\u00c9tat colonial canadien et r\u00e9sistance autochtone <\/a><\/p>\n<p class=\"panelbythemepar\"><a class=\"panelbytheme\" href=\"http:\/\/thegreattransition.net\/fr\/programme-theme#10\">Analyse mat\u00e9rialiste du Black Panther Party et pertinence dans les luttes actuelles <\/a><\/p>\n<p class=\"panelbythemepar\"><a class=\"panelbytheme\" href=\"http:\/\/thegreattransition.net\/fr\/programme-theme#10\">Race, r\u00e9ification coloniale et capitalisme <\/a><\/p>\n<p class=\"panelbythemepar\"><a class=\"panelbytheme\" href=\"http:\/\/thegreattransition.net\/fr\/programme-theme#10\">L&rsquo;islamophobie, le s\u00e9cularisme et la gauche <\/a><\/p>\n<p class=\"panelbythemepar\"><a class=\"panelbytheme\" href=\"http:\/\/thegreattransition.net\/fr\/programme-theme#10\">La question palestinienne au Canada et au Qu\u00e9bec: Lutte sociale, contradictions politiques et opportunit\u00e9s strat\u00e9giques <\/a><\/p>\n<p class=\"panelbythemepar\"><a class=\"panelbytheme\" href=\"http:\/\/thegreattransition.net\/fr\/programme-theme#10\">Le 7e feu <\/a><\/p>\n<p class=\"panelbythemepar\"><a class=\"panelbytheme\" href=\"http:\/\/thegreattransition.net\/fr\/programme-theme#10\">Internationalisme et nationalisme<\/a><\/p>\n<p class=\"panelbythemepar\"><a class=\"panelbytheme\" href=\"http:\/\/thegreattransition.net\/fr\/programme-theme#10\">Qu\u00e9bec, \u00c9cosse et Catalogne: La gauche radicale et la lutte pour l&rsquo;autod\u00e9termination nationale <\/a><\/p>\n<p class=\"panelbythemepar\"><a class=\"panelbytheme\" href=\"http:\/\/thegreattransition.net\/fr\/programme-theme#10\">L&rsquo;\u00e9lan autochtone <\/a><\/p>\n<\/div>\n<\/div>\n<\/div>\n<div class=\"row themeback\" style=\"background-image: url(https:\/\/thegreattransition.net\/wp-content\/uploads\/2018\/02\/repression.jpg);\">\n<div class=\"row hovercontrast\">\n<div class=\"col-sm-1\"><\/div>\n<div class=\"col-sm-4 col-sm-push-7 smallthemesize\" style=\"background-color: #000468;\">\n<h5 style=\"color:#fff;\">R\u00e9pression et r\u00e9sistance<\/h5>\n<\/p><\/div>\n<div class=\"col-sm-7 col-sm-pull-4\">\n<p class=\"panelbythemepar\"><a class=\"panelbytheme\" href=\"http:\/\/thegreattransition.net\/fr\/programme-theme#11\">Prisons, travail et discipline <\/a><\/p>\n<p class=\"panelbythemepar\"><a class=\"panelbytheme\" href=\"http:\/\/thegreattransition.net\/fr\/programme-theme#11\">Vari\u00e9t\u00e9s de capitalisme, vari\u00e9t\u00e9s de r\u00e9sistance <\/a><\/p>\n<p class=\"panelbythemepar\"><a class=\"panelbytheme\" href=\"http:\/\/thegreattransition.net\/fr\/programme-theme#11\">Mouvements de gu\u00e9rilla contemporains <\/a><\/p>\n<p class=\"panelbythemepar\"><a class=\"panelbytheme\" href=\"http:\/\/thegreattransition.net\/fr\/programme-theme#11\">Diversit\u00e9 des tactiques et pratiques de r\u00e9sistance <\/a><\/p>\n<p class=\"panelbythemepar\"><a class=\"panelbytheme\" href=\"http:\/\/thegreattransition.net\/fr\/programme-theme#11\">R\u00e9sister \u00e0 l&rsquo;\u00c9tat turque <\/a><\/p>\n<\/div>\n<\/div>\n<\/div>\n<div class=\"row themeback\" style=\"background-image: url(https:\/\/thegreattransition.net\/wp-content\/uploads\/2018\/02\/municipal.jpg);\">\n<div class=\"row hovercontrast\">\n<div class=\"col-sm-1\"><\/div>\n<div class=\"col-sm-4 col-sm-push-7 smallthemesize\" style=\"background-color: #c6c6c6;\">\n<h5 style=\"color:#000;\">Luttes municipales<\/h5>\n<\/p><\/div>\n<div class=\"col-sm-7 col-sm-pull-4\">\n<p class=\"panelbythemepar\"><a class=\"panelbytheme\" href=\"http:\/\/thegreattransition.net\/fr\/programme-theme#12\">Politique municipale et luttes urbaines <\/a><\/p>\n<p class=\"panelbythemepar\"><a class=\"panelbytheme\" href=\"http:\/\/thegreattransition.net\/fr\/programme-theme#12\">Luttes urbaines \u00e0 travers le monde <\/a><\/p>\n<p class=\"panelbythemepar\"><a class=\"panelbytheme\" href=\"http:\/\/thegreattransition.net\/fr\/programme-theme#12\">Le municipalisme radical : l&rsquo;exp\u00e9rience de Montr\u00e9al <\/a><\/p>\n<p class=\"panelbythemepar\"><a class=\"panelbytheme\" href=\"http:\/\/thegreattransition.net\/fr\/programme-theme#12\">Le municipalisme comme strat\u00e9gie de transformation sociale <\/a><\/p>\n<\/div>\n<\/div>\n<\/div>\n<div class=\"row themeback\" style=\"background-image: url(https:\/\/thegreattransition.net\/wp-content\/uploads\/2018\/02\/unionism.jpg);\">\n<div class=\"row hovercontrast\">\n<div class=\"col-sm-1\"><\/div>\n<div class=\"col-sm-4 col-sm-push-7 smallthemesize\" style=\"background-color: #a84025;\">\n<h5 style=\"color:#fff;\">Syndicalisme<\/h5>\n<\/p><\/div>\n<div class=\"col-sm-7 col-sm-pull-4\">\n<p class=\"panelbythemepar\"><a class=\"panelbytheme\" href=\"http:\/\/thegreattransition.net\/fr\/programme-theme#13\">Les grands d\u00e9fis des syndicats du secteur public : r\u00e9sister et reconstruire<\/a><\/p>\n<p class=\"panelbythemepar\"><a class=\"panelbytheme\" href=\"http:\/\/thegreattransition.net\/fr\/programme-theme#13\">Introduction \u00e0 l&rsquo;analyse des structures de pouvoir <\/a><\/p>\n<p class=\"panelbythemepar\"><a class=\"panelbytheme\" href=\"http:\/\/thegreattransition.net\/fr\/programme-theme#13\">Le syndicalisme de solidarit\u00e9 comme outil r\u00e9volutionnaire <\/a><\/p>\n<p class=\"panelbythemepar\"><a class=\"panelbytheme\" href=\"http:\/\/thegreattransition.net\/fr\/programme-theme#13\">L\u2019internationalisme syndical aujourd\u2019hui<\/a><\/p>\n<p class=\"panelbythemepar\"><a class=\"panelbytheme\" href=\"http:\/\/thegreattransition.net\/fr\/programme-theme#13\">Les syndicats et les changements sociaux radicaux : la strat\u00e9gie de la base syndicale <\/a><\/p>\n<p class=\"panelbythemepar\"><a class=\"panelbytheme\" href=\"http:\/\/thegreattransition.net\/fr\/programme-theme#13\">Les syndicats contre le racisme <\/a><\/p>\n<\/div>\n<\/div>\n<\/div>\n<div class=\"row themeback\" style=\"background-image: url(https:\/\/thegreattransition.net\/wp-content\/uploads\/2018\/02\/theorie.jpg);\">\n<div class=\"row hovercontrast\">\n<div class=\"col-sm-1\"><\/div>\n<div class=\"col-sm-4 col-sm-push-7 smallthemesize\" style=\"background-color: #a40000;\">\n<h5 style=\"color:#fff;\">Th\u00e9orie critique<\/h5>\n<\/p><\/div>\n<div class=\"col-sm-7 col-sm-pull-4\">\n<p class=\"panelbythemepar\"><a class=\"panelbytheme\" href=\"http:\/\/thegreattransition.net\/fr\/programme-theme#14\">Qu&rsquo;est-ce que le capital en tant que pouvoir? <\/a><\/p>\n<p class=\"panelbythemepar\"><a class=\"panelbytheme\" href=\"http:\/\/thegreattransition.net\/fr\/programme-theme#14\">La philosophie de Marx <\/a><\/p>\n<p class=\"panelbythemepar\"><a class=\"panelbytheme\" href=\"http:\/\/thegreattransition.net\/fr\/programme-theme#14\">Introduction au \u00ab\u00a0marxisme politique\u00a0\u00bb (ou marxisme centr\u00e9 sur le capital) <\/a><\/p>\n<p class=\"panelbythemepar\"><a class=\"panelbytheme\" href=\"http:\/\/thegreattransition.net\/fr\/programme-theme#14\">Marx et l&rsquo;avenir de la th\u00e9orie de la valeur <\/a><\/p>\n<\/div>\n<\/div>\n<\/div>\n<div class=\"row themeback\" style=\"background-image: url(https:\/\/thegreattransition.net\/wp-content\/uploads\/2018\/02\/conjoncture.jpg);\">\n<div class=\"row hovercontrast\">\n<div class=\"col-sm-1\"><\/div>\n<div class=\"col-sm-4 col-sm-push-7 smallthemesize\" style=\"background-color: #c6c6c6;\">\n<h5 style=\"color:#000;\">Conjoncture<\/h5>\n<\/p><\/div>\n<div class=\"col-sm-7 col-sm-pull-4\">\n<p class=\"panelbythemepar\"><a class=\"panelbytheme\" href=\"http:\/\/thegreattransition.net\/fr\/programme-theme#15\">Le moment Trump : Perspectives pour la gauche radicale <\/a><\/p>\n<p class=\"panelbythemepar\"><a class=\"panelbytheme\" href=\"http:\/\/thegreattransition.net\/fr\/programme-theme#15\">Ind\u00e9pendance et socialisme au Qu\u00e9bec et en Catalogne <\/a><\/p>\n<p class=\"panelbythemepar\"><a class=\"panelbytheme\" href=\"http:\/\/thegreattransition.net\/fr\/programme-theme#15\">Comprendre et faire face \u00e0 la droite populiste au Qu\u00e9bec et au Canada <\/a><\/p>\n<p class=\"panelbythemepar\"><a class=\"panelbytheme\" href=\"http:\/\/thegreattransition.net\/fr\/programme-theme#15\">Conjoncture et strat\u00e9gie socialiste en Am\u00e9rique Latine contemporaine <\/a><\/p>\n<p class=\"panelbythemepar\"><a class=\"panelbytheme\" href=\"http:\/\/thegreattransition.net\/fr\/programme-theme#15\">Penser la situation am\u00e9ricaine aujourd&rsquo;hui <\/a><\/p>\n<p class=\"panelbythemepar\"><a class=\"panelbytheme\" href=\"http:\/\/thegreattransition.net\/fr\/programme-theme#15\">Revenu universel : pi\u00e8ge ou moyen de lib\u00e9ration ? <\/a><\/p>\n<p class=\"panelbythemepar\"><a class=\"panelbytheme\" href=\"http:\/\/thegreattransition.net\/fr\/programme-theme#15\">R\u00e9sistance, strat\u00e9gie et autonomie au Br\u00e9sil, en Argentine et au Chili <\/a><\/p>\n<p class=\"panelbythemepar\"><a class=\"panelbytheme\" href=\"http:\/\/thegreattransition.net\/fr\/programme-theme#15\">Avant le post-capitalisme : mener la lutte d\u00e9fensive avec un Front Uni <\/a><\/p>\n<\/div>\n<\/div>\n<\/div>\n<div class=\"row themeback\" style=\"background-image: url();\">\n<div class=\"row hovercontrast\">\n<div class=\"col-sm-1\"><\/div>\n<div class=\"col-sm-4 col-sm-push-7 smallthemesize\" style=\"background-color: #ffffff;\">\n<h5 style=\"color:#000;\">Utopie<\/h5>\n<\/p><\/div>\n<div class=\"col-sm-7 col-sm-pull-4\">\n<p class=\"panelbythemepar\"><a class=\"panelbytheme\" href=\"http:\/\/thegreattransition.net\/fr\/programme-theme#16\">D\u00e9bat : Un gouvernement socialiste ou la politique des communs ? <\/a><\/p>\n<p class=\"panelbythemepar\"><a class=\"panelbytheme\" href=\"http:\/\/thegreattransition.net\/fr\/programme-theme#16\">Le socialisme de Polanyi <\/a><\/p>\n<p class=\"panelbythemepar\"><a class=\"panelbytheme\" href=\"http:\/\/thegreattransition.net\/fr\/programme-theme#16\">L\u2019\u00e9conomie politique de l\u2019apr\u00e8s-capitalisme <\/a><\/p>\n<p class=\"panelbythemepar\"><a class=\"panelbytheme\" href=\"http:\/\/thegreattransition.net\/fr\/programme-theme#16\">Transitions \u00e9mancipatrices au Kurdistan et la possibilit\u00e9 d&rsquo;un avenir d\u00e9mocratique radical <\/a><\/p>\n<p class=\"panelbythemepar\"><a class=\"panelbytheme\" href=\"http:\/\/thegreattransition.net\/fr\/programme-theme#16\">Socialisme r\u00e9volutionnaire pour le 21eme si\u00e8cle <\/a><\/p>\n<p class=\"panelbythemepar\"><a class=\"panelbytheme\" href=\"http:\/\/thegreattransition.net\/fr\/programme-theme#16\">La d\u00e9croissance : un projet de gauche pour notre \u00e9poque <\/a><\/p>\n<p class=\"panelbythemepar\"><a class=\"panelbytheme\" href=\"http:\/\/thegreattransition.net\/fr\/programme-theme#16\">Utopies socialistes et anarchistes <\/a><\/p>\n<p class=\"panelbythemepar\"><a class=\"panelbytheme\" href=\"http:\/\/thegreattransition.net\/fr\/programme-theme#16\">Socialisme et dialectique au XXIe si\u00e8cle <\/a><\/p>\n<\/div>\n<\/div>\n<\/div>\n<div class=\"row scrolldivider\" id=\"section3\">\n<div class=\"col-xs-1\"><\/div>\n<div class=\"col-xs-7\">\n<h3 class=\"textwhite\">D\u00e9roulement<\/h3>\n<\/p><\/div>\n<div class=\"col-xs-4\"><\/div>\n<\/p><\/div>\n<div class=\"row\" style=\"background-color: #000\">\n<div class=\"col-sm-5 nopad\"><img decoding=\"async\" src=\"https:\/\/thegreattransition.net\/wp-content\/uploads\/2018\/02\/coeurdessciences2.jpg\" width=\"100%\"><\/div>\n<div class=\"col-sm-7\">\n<h3 class=\"textwhite leftmargin\">Coeur des sciences de l&rsquo;UQAM<\/h3>\n<p class=\"textwhite leftmargin\">Les grandes conf\u00e9rences auront lieu dans le centre-ville de Montr\u00e9al, au campus des Sciences de l&rsquo;Universit\u00e9 du Qu\u00e9bec \u00e0 Montr\u00e9al, au <a class=\"textwhite\" href=\"https:\/\/carte.uqam.ca\/pavillon-sh\">Pavillon SH (200, rue Sherbrooke Ouest, Montr\u00e9al)<\/a>.<\/p>\n<\/p><\/div>\n<\/p><\/div>\n<div class=\"row\" style=\"background-color: #000\">\n<div class=\"col-sm-5 col-sm-push-7 nopad\"><img decoding=\"async\" src=\"https:\/\/thegreattransition.net\/wp-content\/uploads\/2018\/02\/foiredulivre.jpg\" width=\"100%\"><\/div>\n<div class=\"col-sm-7 col-sm-pull-5\">\n<h3 class=\"textwhite leftmargin\">Foire du livre et de la solidarit\u00e9<\/h3>\n<p class=\"textwhite leftmargin\">Une foire du livre, qui regroupera plusieurs maisons d&rsquo;\u00e9dition (dont <a class=\"textwhite\" href=\"http:\/\/ecosociete.org\/\">\u00c9cosoci\u00e9t\u00e9<\/a>, <a class=\"textwhite\" href=\"https:\/\/www.versobooks.com\/\">Verso Books<\/a>, <a class=\"textwhite\" href=\"https:\/\/www.haymarketbooks.org\/\">Haymarket Books<\/a>, et <a class=\"textwhite\" href=\"http:\/\/www.pmpress.org\/content\/index.php\">PM Press<\/a>) et revues (dont <a class=\"textwhite\" href=\"https:\/\/www.cahiersdusocialisme.org\/\">Les Nouveaux cahiers du socialisme<\/a>, <a class=\"textwhite\" href=\"http:\/\/redtac.org\/possibles\/\">Possibles<\/a>, <a class=\"textwhite\" href=\"http:\/\/cjf.qc.ca\/revue-relations\/\">Relations<\/a>, <a class=\"textwhite\" href=\"https:\/\/www.jacobinmag.com\/\">Jacobin<\/a> et <a class=\"textwhite\" href=\"http:\/\/revuelespritlibre.org\/\">L&rsquo;Esprit Libre<\/a>), aura lieu tout au long de l&rsquo;\u00e9v\u00e9nement, soit du jeudi 17 mai au dimanche 20 mai. Il s&rsquo;agira d&rsquo;un \u00e9v\u00e9nement qui permettra de rendre accessible une vaste litt\u00e9rature en anglais et en fran\u00e7ais sur les th\u00e8mes de la conf\u00e9rence tout en agissant \u00e0 titre de lieu de rencontre et de r\u00e9seautage permanent. La foire du livre se tiendra dans l&rsquo;<a class=\"textwhite\" href=\"https:\/\/coeurdessciences.uqam.ca\/location-salles\/agora-hydro-quebec.html\" target=\"_blank\" rel=\"noopener\">Agora du Coeur des sciences de l&rsquo;UQAM<\/a>, tout pr\u00e8s d&rsquo;o\u00f9 se tiendront les conf\u00e9rences.<\/p>\n<\/p><\/div>\n<\/p><\/div>\n<div class=\"row\" style=\"background-color: #000\">\n<div class=\"col-xs-12\">\n<h2 class=\"textwhite centertitle\">Horaire &#8211; <a class=\"textwhite\" href=\"\/fr\/programme\/\">Voir l&rsquo;horaire complet<\/a><\/h2>\n<\/p><\/div>\n<\/p><\/div>\n<div class=\"row scheduleback\" style=\"background-image: url(https:\/\/thegreattransition.net\/wp-content\/uploads\/2018\/02\/classe2.jpg)\">\n<div class=\"col-sm-3\">\n<div class=\"row schedd\">\n<h5 class=\"textwhite centertitle\">Jeudi 17 mai<\/h5>\n<\/p><\/div>\n<div class=\"row spaceronsm\"><\/div>\n<div class=\"row schedel\">\n<h5 class=\"scheduleentry\">17:00 Accueil des participants<\/h5>\n<\/p><\/div>\n<div class=\"row schedel\">\n<h5 class=\"scheduleentry\">19:00 Conf\u00e9rence d&rsquo;ouverture<\/h5>\n<\/p><\/div>\n<div class=\"row schedel\">\n<h5 class=\"scheduleentry\">21:30 Soir\u00e9e d&rsquo;humour politique<\/h5>\n<\/p><\/div>\n<\/p><\/div>\n<div class=\"col-sm-3\">\n<div class=\"row schedd\">\n<h5 class=\"textwhite centertitle\">Vendredi 18 mai<\/h5>\n<\/p><\/div>\n<div class=\"row schedel\">\n<h5 class=\"scheduleentry\">9:30 Panels<\/h5>\n<\/p><\/div>\n<div class=\"row schedel\">\n<h5 class=\"scheduleentry\">11:30 Panels<\/h5>\n<\/p><\/div>\n<div class=\"row schedel\">\n<h5 class=\"scheduleentry\">14:00 Panels<\/h5>\n<\/p><\/div>\n<div class=\"row schedel\">\n<h5 class=\"scheduleentry\">16:00 Panels<\/h5>\n<\/p><\/div>\n<div class=\"row schedel\">\n<h5 class=\"scheduleentry\">19:30 Conf\u00e9rence<\/h5>\n<\/p><\/div>\n<div class=\"row schedel\">\n<h5 class=\"scheduleentry\">21:30 Soir\u00e9e de solidarit\u00e9 internationale<\/h5>\n<\/p><\/div>\n<\/p><\/div>\n<div class=\"col-sm-3\">\n<div class=\"row schedd\">\n<h5 class=\"textwhite centertitle\">Samedi 19 mai<\/h5>\n<\/p><\/div>\n<div class=\"row schedel\">\n<h5 class=\"scheduleentry\">9:30 Panels<\/h5>\n<\/p><\/div>\n<div class=\"row schedel\">\n<h5 class=\"scheduleentry\">11:30 Panels<\/h5>\n<\/p><\/div>\n<div class=\"row schedel\">\n<h5 class=\"scheduleentry\">14:00 Panels<\/h5>\n<\/p><\/div>\n<div class=\"row schedel\">\n<h5 class=\"scheduleentry\">16:00 Panels<\/h5>\n<\/p><\/div>\n<div class=\"row schedel\">\n<h5 class=\"scheduleentry\">19:30 Conf\u00e9rence<\/h5>\n<\/p><\/div>\n<div class=\"row schedel\">\n<h5 class=\"scheduleentry\">21:30 Soir\u00e9e festive<\/h5>\n<\/p><\/div>\n<\/p><\/div>\n<div class=\"col-sm-3\">\n<div class=\"row schedd\">\n<h5 class=\"textwhite centertitle\">Dimanche 20 mai<\/h5>\n<\/p><\/div>\n<div class=\"row schedel\">\n<h5 class=\"scheduleentry\">9:30 Panels<\/h5>\n<\/p><\/div>\n<div class=\"row schedel\">\n<h5 class=\"scheduleentry\">11:30 Panels<\/h5>\n<\/p><\/div>\n<div class=\"row schedel\">\n<h5 class=\"scheduleentry\">14:00 Conf\u00e9rence de fermeture<\/h5>\n<\/p><\/div>\n<\/p><\/div>\n<\/p><\/div>\n<div class=\"row scrolldivider\" id=\"section4\">\n<div class=\"col-xs-1\"><\/div>\n<div class=\"col-xs-7\">\n<h3 class=\"textwhite\">Participer<\/h3>\n<\/p><\/div>\n<div class=\"col-xs-4\"><\/div>\n<\/p><\/div>\n<div class=\"row\" style=\"background-color: #fff\">\n<div class=\"col-sm-5 nopad\" style=\"background-image:url(https:\/\/thegreattransition.net\/wp-content\/uploads\/2018\/02\/conference.jpg); background-size: cover; min-height: 425px;\"><\/div>\n<div class=\"col-sm-7\">\n<p>[product_page id=\u00a0\u00bb548&Prime;]<\/p>\n<\/p><\/div>\n<\/p><\/div>\n<div class=\"row\" style=\"background-color: #fff\">\n<div class=\"col-sm-5 nopad\"><img decoding=\"async\" src=\"https:\/\/thegreattransition.net\/wp-content\/uploads\/2018\/02\/mcgill.jpg\" width=\"100%\"><\/div>\n<div class=\"col-sm-7\">\n<h3 class=\"leftmargin\">H\u00e9bergement<\/h3>\n<p class=\"leftmargin\">Deux options vous sont sugg\u00e9r\u00e9es par l&rsquo;\u00e9quipe organisatrice de La Grande Transition. Dans les deux cas, <strong>vous devez r\u00e9server avant le 3 avril<\/strong>.<\/p>\n<div class=\"panel-group\" id=\"accordion\" role=\"tablist\" aria-multiselectable=\"true\">\n<div class=\"panel panel-default\">\n<div class=\"leftmargin\" role=\"tab\" id=\"headingOne\">\n<h4 class=\"panel-title\"><a role=\"button\" data-toggle=\"collapse\" data-parent=\"#accordion\" href=\"#collapseOne\" aria-expanded=\"true\" aria-controls=\"collapseOne\">1\u00e8re option: McGill New Residence Hall (rabais de groupe)<\/a><\/h4>\n<\/p><\/div>\n<div id=\"collapseOne\" class=\"panel-collapse collapse\" role=\"tabpanel\" aria-labelledby=\"headingOne\">\n<div class=\"panel-body\">\n<p class=\"leftmargin\">3625 avenue du Parc<\/p>\n<p class=\"leftmargin\">Occupation simple ou double: 124.00$\/nuit + taxes<br \/>\n                                Occupation triple: 144.00$\/nuit + taxes<br \/>\n                                Occupation quadruple: 164.00$\/nuit + taxes<\/p>\n<p class=\"leftmargin\">*Information \u00e0 mentionner lors de la r\u00e9servation pour avoir acc\u00e8s au prix de groupe: La Grande Transition Folio # 1067853<\/p>\n<p class=\"leftmargin\">*Rabais \u00e9tudiant disponible<\/p>\n<p class=\"leftmargin\">Pour r\u00e9server:<br \/>\n                                Par t\u00e9l\u00e9phone: 514-398-5200 puis faites le 1 pour une r\u00e9servation individuelle avec un groupe<br \/>\n                                Sur internet: <a href=\"http:\/\/www.mcgill.ca\/accommodations\/summer\/nrh\" target=\"_blank\" rel=\"noopener\">http:\/\/www.mcgill.ca\/accommodations\/summer\/nrh<\/a><\/p>\n<\/p><\/div>\n<\/p><\/div>\n<\/p><\/div>\n<div class=\"panel panel-default\">\n<div class=\"leftmargin\" role=\"tab\" id=\"headingTwo\">\n<h4 class=\"panel-title\"><a class=\"collapsed\" role=\"button\" data-toggle=\"collapse\" data-parent=\"#accordion\" href=\"#collapseTwo\" aria-expanded=\"false\" aria-controls=\"collapseTwo\">2\u00e8me option: The Royal Victoria College<\/a><\/h4>\n<\/p><\/div>\n<div id=\"collapseTwo\" class=\"panel-collapse collapse\" role=\"tabpanel\" aria-labelledby=\"headingTwo\">\n<div class=\"panel-body\">\n<p class=\"leftmargin\">\n                                <strong>3425 University Street<\/strong><\/p>\n<p class=\"leftmargin\">Occupation simple: 45$\/nuit + taxes<br \/>\n                                Occupation double: 65$\/nuit + taxes<\/p>\n<p class=\"leftmargin\">Pour r\u00e9server:<br \/>\n                                Par t\u00e9l\u00e9phone: 514-398-5200 puis faites le 1 pour une r\u00e9servation individuelle avec un groupe4<\/p>\n<p>                                Sur internet: <a href=\"http:\/\/www.mcgill.ca\/accommodations\/summer\/rvc\" target=\"_blank\" rel=\"noopener\">http:\/\/www.mcgill.ca\/accommodations\/summer\/rvc<\/a><\/p>\n<p class=\"leftmargin\">Pas de prix de groupe<\/p>\n<\/p><\/div>\n<\/p><\/div>\n<\/p><\/div>\n<\/p><\/div>\n<\/p><\/div>\n<\/p><\/div>\n<div class=\"row spaceronsm\" id=\"section5\"><\/div>\n<div class=\"row\" style=\"background-color: #fff\">\n<div class=\"col-sm-3\">\n<h4 style=\"text-align: right;\">Comit\u00e9 d&rsquo;organisation:<\/h4>\n<\/p><\/div>\n<div class=\"col-sm-9\">\n<p class=\"leftmargin\">La conf\u00e9rence est organis\u00e9e par un collectif de militant-e-s, de chercheuses et de chercheurs bas\u00e9 \u00e0 Montr\u00e9al: Alain Savard, Anna Kruzynski, Arnaud Theurillat-Cloutier, Bengi Akbulut, Bruno Masse\u0301, Camille Robert, Catherine Laurent-Se\u0301dillot, Ce\u0301line Hequet, Corinne Asselin, Daisy Hubrechts, E\u0301lisabeth Be\u0301fort-Doucet, Emanuel Guay, Felix Fuchs, Flavie Achard, Ve\u0301ronic Lapalme, Fre\u0301de\u0301ric Legault, Guillaume T. Boily, Jules Pector-Lallemand, Mai\u0308ka Sondarjee, Pierre Beaudet, Roger Rashi.<\/p>\n<h4 class=\"leftmargin\">Nous contacter: info@lagrandetransition.net<\/h4>\n<\/p><\/div>\n<\/p><\/div>\n<div class=\"row\" style=\"background-color: #fff\">\n<div class=\"col-sm-3\">\n<h4 style=\"text-align: right;\">Groupes organisateurs:<\/h4>\n<\/p><\/div>\n<div class=\"col-sm-9\">\n                <a href=\"http:\/\/www.historicalmaterialism.org\/\"><img decoding=\"async\" class=\"logocredit\" src=\"https:\/\/thegreattransition.net\/wp-content\/uploads\/2018\/02\/logohm.gif\"><\/a><br \/>\n                <a href=\"https:\/\/www.cahiersdusocialisme.org\/\"><img decoding=\"async\" class=\"logocredit\" src=\"https:\/\/thegreattransition.net\/wp-content\/uploads\/2018\/02\/logoncs.gif\"><\/a><br \/>\n                <a href=\"http:\/\/www.redwedgemagazine.com\/\"><img decoding=\"async\" class=\"logocredit\" src=\"https:\/\/thegreattransition.net\/wp-content\/uploads\/2018\/03\/logoredwedge.jpeg\"><\/a><br \/>\n\t            <a href=\"https:\/\/recherche-contestation.org\/\"><img decoding=\"async\" class=\"logocredit\" src=\"https:\/\/thegreattransition.net\/wp-content\/uploads\/2018\/03\/logocric.png\"><\/a><br \/>\n\t            <a href=\"https:\/\/www.mcgill.ca\/critsoctheory\/\"><img decoding=\"async\" class=\"logocredit\" src=\"https:\/\/thegreattransition.net\/wp-content\/uploads\/2018\/02\/logocstmcgill.png\"><\/a>\n            <\/div>\n<div class=\"col-sm-3\">\n<h4 style=\"text-align: right;\">Partenaires:<\/h4>\n<\/p><\/div>\n<div class=\"col-sm-9\">\n                <a href=\"http:\/\/www.rosalux-nyc.org\/\"><a href=\"http:\/\/www.historicalmaterialism.org\/\"><img decoding=\"async\" class=\"logocredit\" src=\"https:\/\/thegreattransition.net\/wp-content\/uploads\/2018\/02\/logorosa.gif\"><\/a><br \/>\n                                <a href=\"http:\/\/innovationsocialeusp.ca\/evenement\/ecole-dete-innovation-sociale\"><img decoding=\"async\" class=\"logocredit\" src=\"https:\/\/thegreattransition.net\/wp-content\/uploads\/2018\/04\/logoinnovation.png\"><\/a><br \/>\n                <a href=\"https:\/\/sociologie.uqam.ca\/\"><img decoding=\"async\" class=\"logocredit\" src=\"https:\/\/thegreattransition.net\/wp-content\/uploads\/2018\/02\/logosociouqam.png\"><\/a><br \/>\n                 <a href=\"https:\/\/www.concordia.ca\/artsci\/scpa.html\"><img decoding=\"async\" class=\"logocredit\" src=\"https:\/\/thegreattransition.net\/wp-content\/uploads\/2018\/03\/logospca-1024x207.jpg\"><\/a><br \/>\n                <a href=\"http:\/\/www.sgpum.com\/\"><img decoding=\"async\" class=\"logocredit\" src=\"https:\/\/thegreattransition.net\/wp-content\/uploads\/2018\/03\/logosgpum.jpg\"><\/a><br \/>\n                <a href=\"https:\/\/fneeq.qc.ca\/fr\/\"><img decoding=\"async\" class=\"logocredit\" src=\"https:\/\/thegreattransition.net\/wp-content\/uploads\/2018\/03\/logofneeq.png\"><\/a><br \/>\n                <a href=\"http:\/\/www.fiqsante.qc.ca\/\"><img decoding=\"async\" class=\"logocredit\" src=\"https:\/\/thegreattransition.net\/wp-content\/uploads\/2018\/03\/logofiq.png\"><\/a><br \/>\n                 <a href=\"http:\/\/www.lacsq.org\/\"><img decoding=\"async\" class=\"logocredit\" src=\"https:\/\/thegreattransition.net\/wp-content\/uploads\/2018\/04\/logocsqcrop.png\"><\/a><br \/>\n                <a href=\"http:\/\/www.apuo.ca\/\"><img decoding=\"async\" class=\"logocredit\" src=\"https:\/\/thegreattransition.net\/wp-content\/uploads\/2018\/03\/logoapuo.png\"><\/a><br \/>\n                <a href=\"http:\/\/ecosociete.org\/\"><img decoding=\"async\" class=\"logocredit\" src=\"https:\/\/thegreattransition.net\/wp-content\/uploads\/2018\/03\/logoecosociete.png\"><\/a><br \/>\n                                <a href=\"https:\/\/www.desjardins.com\/fr\/votre_caisse\/accueil.jsp?transit=81592154\"><img decoding=\"async\" class=\"logocredit\" src=\"https:\/\/thegreattransition.net\/wp-content\/uploads\/2018\/05\/caisseunie.gif\"><\/a><br \/>\n                <a href=\"\"><img decoding=\"async\" class=\"logocredit\" style=\"max-width: 80%\" src=\"https:\/\/thegreattransition.net\/wp-content\/uploads\/2018\/04\/logocrsh.jpg\"><\/a>\n            <\/div>\n<div class=\"col-sm-3\">\n            <\/div>\n<div class=\"col-sm-9\">\n<p>Cet \u00e9v\u00e9nement a \u00e9t\u00e9 financ\u00e9e par le Conseil de recherches en sciences humaines du Canada.<\/p>\n<\/p><\/div>\n<div class=\"col-sm-3\">\n<h4 style=\"text-align: right;\">Impression:<\/h4>\n<\/p><\/div>\n<div class=\"col-sm-9\">\n                <a href=\"http:\/\/katasoho.com\/\"><img decoding=\"async\" class=\"logocredit\" src=\"https:\/\/thegreattransition.net\/wp-content\/uploads\/2018\/03\/Logokatasoho.png\"><\/a>\n            <\/div>\n<div class=\"col-sm-3\">\n<h4 style=\"text-align: right;\">Autres contributions:<\/h4>\n<\/p><\/div>\n<div class=\"col-sm-9\">\n<p>F\u00e9d\u00e9ration autonome de l&rsquo;enseignement (FAE)<br \/>\nF\u00e9d\u00e9ration des enseignantes et enseignants de C\u00e9gep (FEC-CSQ)<br \/>\nAssociation \u00e9tudiante de sociologie cycles sup\u00e9rieurs UQAM<br \/>\nSyndicat du personnel enseignant du C\u00e9gep Ahuntsic<br \/>\nSyndicat des professeurs du C\u00c9GEP du Vieux-Montr\u00e9al<br \/>\nOPIRG &#8211; Ottawa<br \/>\nQu\u00e9bec Solidaire<br \/>\nSyndicat des professeures et professeurs de l\u2019Universit\u00e9 du Qu\u00e9bec en Outaouais (SPUQO)<br \/>\nAttac-Qu\u00e9bec<br \/>\nRegroupement des \u00e9tudiantes et les \u00e9tudiants de sociologie de l&rsquo;Universit\u00e9 de Montr\u00e9al (R\u00c9\u00c9SUM)<br \/>\nConseil central du Montr\u00e9al M\u00e9tropolitain (CCMM-CSN)<\/p>\n<\/p><\/div>\n<\/p><\/div>\n<\/p><\/div>\n","protected":false},"excerpt":{"rendered":"<p>17-20 Mai 2018 \u00e0 Montr\u00e9al | 120 ateliers | 300 panelistes de 12 pays S&rsquo;inscrire S\u00e9ries Th\u00e9matiques Programme D\u00e9roulement EN Accueil au 200 Sherbrooke Ouest &#8211; Inscription sur place possible Conf\u00e9rences principales Comment l&rsquo;\u00e9conomie domine nos vies? Jeudi 17 mai 19:00 Du berceau \u00e0 la tombe, notre existence est soumise \u00e0 de nombreuses contraintes \u00e9conomiques. &hellip; <\/p>\n<p class=\"link-more\"><a href=\"https:\/\/2018.lagrandetransition.net\/fr\/accueil\/\" class=\"more-link\">more<span class=\"screen-reader-text\"> \u00ab\u00a0Conf\u00e9rence 17-20 Mai | Programme | Pan\u00e9listes | Inscription\u00a0\u00bb<\/span><\/a><\/p>\n","protected":false},"author":1,"featured_media":0,"parent":0,"menu_order":0,"comment_status":"closed","ping_status":"closed","template":"template-parts\/page-full-width.php","meta":{"footnotes":""},"class_list":["post-1903","page","type-page","status-publish","format-standard","hentry"],"translation":{"provider":"WPGlobus","version":"3.0.5","language":"fr","enabled_languages":["en","fr"],"languages":{"en":{"title":true,"content":true,"excerpt":false},"fr":{"title":true,"content":true,"excerpt":false}}},"_links":{"self":[{"href":"https:\/\/2018.lagrandetransition.net\/fr\/wp-json\/wp\/v2\/pages\/1903","targetHints":{"allow":["GET"]}}],"collection":[{"href":"https:\/\/2018.lagrandetransition.net\/fr\/wp-json\/wp\/v2\/pages"}],"about":[{"href":"https:\/\/2018.lagrandetransition.net\/fr\/wp-json\/wp\/v2\/types\/page"}],"author":[{"embeddable":true,"href":"https:\/\/2018.lagrandetransition.net\/fr\/wp-json\/wp\/v2\/users\/1"}],"replies":[{"embeddable":true,"href":"https:\/\/2018.lagrandetransition.net\/fr\/wp-json\/wp\/v2\/comments?post=1903"}],"version-history":[{"count":1,"href":"https:\/\/2018.lagrandetransition.net\/fr\/wp-json\/wp\/v2\/pages\/1903\/revisions"}],"predecessor-version":[{"id":3893,"href":"https:\/\/2018.lagrandetransition.net\/fr\/wp-json\/wp\/v2\/pages\/1903\/revisions\/3893"}],"wp:attachment":[{"href":"https:\/\/2018.lagrandetransition.net\/fr\/wp-json\/wp\/v2\/media?parent=1903"}],"curies":[{"name":"wp","href":"https:\/\/api.w.org\/{rel}","templated":true}]}}